{"id":2,"date":"2022-02-08T22:40:38","date_gmt":"2022-02-08T21:40:38","guid":{"rendered":"http:\/\/concertino.ruppen.productions\/?page_id=2"},"modified":"2025-10-01T11:48:33","modified_gmt":"2025-10-01T09:48:33","slug":"ueber-uns","status":"publish","type":"page","link":"https:\/\/concertinowallis.ch\/?page_id=2","title":{"rendered":"\u00dcBER UNS"},"content":{"rendered":"<p>[et_pb_section fb_built=&#187;1&#8243; _builder_version=&#187;4.16&#8243; _module_preset=&#187;default&#187; background_image=&#187;http:\/\/concertinowallis.ch\/wp-content\/uploads\/2022\/03\/header-1.jpg&#187; background_position=&#187;top_center&#187; max_height=&#187;440px&#187; custom_padding=&#187;||16px|||&#187; saved_tabs=&#187;all&#187; locked=&#187;off&#187; global_colors_info=&#187;{}&#187;][et_pb_row _builder_version=&#187;4.16&#8243; _module_preset=&#187;default&#187; width=&#187;100%&#187; max_width=&#187;2560px&#187; custom_padding=&#187;||0px|||&#187; global_colors_info=&#187;{}&#187;][et_pb_column type=&#187;4_4&#8243; _builder_version=&#187;4.16&#8243; _module_preset=&#187;default&#187; global_colors_info=&#187;{}&#187;][et_pb_divider show_divider=&#187;off&#187; _builder_version=&#187;4.16&#8243; _module_preset=&#187;default&#187; height=&#187;215px&#187; global_colors_info=&#187;{}&#187;][\/et_pb_divider][et_pb_text _builder_version=&#187;4.16&#8243; _module_preset=&#187;default&#187; global_colors_info=&#187;{}&#187;]<\/p>\n<p style=\"text-align: right;\"><img loading=\"lazy\" decoding=\"async\" src=\"http:\/\/concertinowallis.ch\/wp-content\/uploads\/2022\/02\/Bildschirmfoto-2022-02-13-um-18.10.15.png\" width=\"272\" height=\"88\" alt=\"\" class=\"wp-image-74 alignnone size-full\" srcset=\"https:\/\/concertinowallis.ch\/wp-content\/uploads\/2022\/02\/Bildschirmfoto-2022-02-13-um-18.10.15.png 792w, https:\/\/concertinowallis.ch\/wp-content\/uploads\/2022\/02\/Bildschirmfoto-2022-02-13-um-18.10.15-300x97.png 300w, https:\/\/concertinowallis.ch\/wp-content\/uploads\/2022\/02\/Bildschirmfoto-2022-02-13-um-18.10.15-768x248.png 768w, https:\/\/concertinowallis.ch\/wp-content\/uploads\/2022\/02\/Bildschirmfoto-2022-02-13-um-18.10.15-480x155.png 480w\" sizes=\"(max-width: 272px) 100vw, 272px\" \/><\/p>\n<p>[\/et_pb_text][\/et_pb_column][\/et_pb_row][\/et_pb_section][et_pb_section fb_built=&#187;1&#8243; fullwidth=&#187;on&#187; _builder_version=&#187;4.14.8&#8243; _module_preset=&#187;default&#187; custom_margin=&#187;-37px||||false|false&#187; global_module=&#187;152&#8243; saved_tabs=&#187;all&#187; locked=&#187;on&#187; global_colors_info=&#187;{}&#187;][et_pb_fullwidth_menu _builder_version=&#187;4.16&#8243; _module_preset=&#187;default&#187; height=&#187;80px&#187; custom_margin=&#187;35px||||false|false&#187; global_colors_info=&#187;{}&#187;][\/et_pb_fullwidth_menu][\/et_pb_section][et_pb_section fb_built=&#187;1&#8243; _builder_version=&#187;4.16&#8243; _module_preset=&#187;default&#187; max_height=&#187;100px&#187; global_colors_info=&#187;{}&#187;][et_pb_row _builder_version=&#187;4.16&#8243; _module_preset=&#187;default&#187; global_colors_info=&#187;{}&#187;][et_pb_column type=&#187;4_4&#8243; _builder_version=&#187;4.16&#8243; _module_preset=&#187;default&#187; global_colors_info=&#187;{}&#187;][et_pb_text _builder_version=&#187;4.16&#8243; _module_preset=&#187;default&#187; text_font=&#187;Gilda Display|700|||||||&#187; text_font_size=&#187;20px&#187; text_letter_spacing=&#187;1px&#187; global_colors_info=&#187;{}&#187;]<\/p>\n<p style=\"text-align: center;\"><strong>ORCHESTER<\/strong><\/p>\n<p>[\/et_pb_text][\/et_pb_column][\/et_pb_row][\/et_pb_section][et_pb_section fb_built=&#187;1&#8243; _builder_version=&#187;4.16&#8243; _module_preset=&#187;default&#187; global_colors_info=&#187;{}&#187;][et_pb_row column_structure=&#187;3_5,2_5&#8243; _builder_version=&#187;4.16&#8243; _module_preset=&#187;default&#187; global_colors_info=&#187;{}&#187;][et_pb_column type=&#187;3_5&#8243; _builder_version=&#187;4.16&#8243; _module_preset=&#187;default&#187; global_colors_info=&#187;{}&#187;][et_pb_text _builder_version=&#187;4.17.3&#8243; _module_preset=&#187;default&#187; global_colors_info=&#187;{}&#187;]<\/p>\n<p style=\"text-align: left;\">Seit \u00fcber 20 Jahren \u00fcberrascht das Kammerorchester concertino in der Konzertszene mit originellen Programmkonzepten, neuen Formen der Konzertkultur und innovativem Repertoire. Die Live-Vertonung mit der Originalmusik zu \u201eThe Circus\u201c\u00a0von Charlie Chaplin im Stockalperhof, die Programme\u201cFlamenco\u201c\u00a0mit der T\u00e4nzerin Alicia Lopez,\u201cEin musikalischer Spass\u201c\u00a0oder die Freilichtauff\u00fchrung der Oper \u201eAlcina\u201c\u00a0sind dem Oberwalliser Publikum in bester Erinnerung.<\/p>\n<p style=\"text-align: left;\">Das Ensemble \u00fcbernimmt andererseits auch anspruchsvolle Aufgaben in Chor- und Solistenkonzerten. Mit der vielbeachteten Auff\u00fchrung der\u00a0Messe in h-moll von J.S. Bach\u00a0mit dem Ensemble Sierrenade bewies das Kammerorchester concertino seine sorgf\u00e4ltige und stilistisch ad\u00e4quate Interpretation auch im barocken Repertoire.<\/p>\n<p style=\"text-align: left;\">Jede Musikerin und jeder Musiker \u00fcbernimmt ein hohes Mass an Eigenverantwortlichkeit, so dass das Ensemble in der Regel ohne Dirigent arbeitet und auftritt.<\/p>\n<p style=\"text-align: left;\">Leiter und Konzertmeister ist Paul Locher.<\/p>\n<p>[\/et_pb_text][\/et_pb_column][et_pb_column type=&#187;2_5&#8243; _builder_version=&#187;4.16&#8243; _module_preset=&#187;default&#187; global_colors_info=&#187;{}&#187;][et_pb_image src=&#187;http:\/\/concertinowallis.ch\/wp-content\/uploads\/2022\/02\/uberuns-1.jpg&#187; title_text=&#187;uberuns&#187; _builder_version=&#187;4.16&#8243; _module_preset=&#187;default&#187; width=&#187;100%&#187; max_width=&#187;100%&#187; min_height=&#187;289px&#187; global_colors_info=&#187;{}&#187;][\/et_pb_image][\/et_pb_column][\/et_pb_row][\/et_pb_section][et_pb_section fb_built=&#187;1&#8243; fullwidth=&#187;on&#187; _builder_version=&#187;4.16&#8243; _module_preset=&#187;default&#187; background_image=&#187;http:\/\/concertinowallis.ch\/wp-content\/uploads\/2022\/03\/presse_concertino02c.jpg&#187; parallax=&#187;on&#187; parallax_method=&#187;off&#187; width=&#187;100%&#187; max_width=&#187;100%&#187; height=&#187;450px&#187; global_colors_info=&#187;{}&#187;][\/et_pb_section][et_pb_section fb_built=&#187;1&#8243; _builder_version=&#187;4.16&#8243; _module_preset=&#187;default&#187; max_height=&#187;100px&#187; global_colors_info=&#187;{}&#187;][et_pb_row _builder_version=&#187;4.16&#8243; _module_preset=&#187;default&#187; global_colors_info=&#187;{}&#187;][et_pb_column type=&#187;4_4&#8243; _builder_version=&#187;4.16&#8243; _module_preset=&#187;default&#187; global_colors_info=&#187;{}&#187;][et_pb_text _builder_version=&#187;4.16&#8243; _module_preset=&#187;default&#187; text_font=&#187;Gilda Display|700|||||||&#187; text_font_size=&#187;20px&#187; text_letter_spacing=&#187;1px&#187; global_colors_info=&#187;{}&#187;]<\/p>\n<p style=\"text-align: center;\"><strong>MUSIKALISCHE LEITUNG \u2013 KONZERTMEISTER \/ DIRIGENT<\/strong><\/p>\n<p>[\/et_pb_text][\/et_pb_column][\/et_pb_row][\/et_pb_section][et_pb_section fb_built=&#187;1&#8243; _builder_version=&#187;4.16&#8243; _module_preset=&#187;default&#187; global_colors_info=&#187;{}&#187;][et_pb_row column_structure=&#187;1_3,2_3&#8243; _builder_version=&#187;4.16&#8243; _module_preset=&#187;default&#187; global_colors_info=&#187;{}&#187;][et_pb_column type=&#187;1_3&#8243; _builder_version=&#187;4.16&#8243; _module_preset=&#187;default&#187; global_colors_info=&#187;{}&#187;][et_pb_image src=&#187;http:\/\/concertinowallis.ch\/wp-content\/uploads\/2022\/02\/paullocher.jpg&#187; title_text=&#187;paullocher&#187; _builder_version=&#187;4.16&#8243; _module_preset=&#187;default&#187; max_width=&#187;92%&#187; global_colors_info=&#187;{}&#187;][\/et_pb_image][\/et_pb_column][et_pb_column type=&#187;2_3&#8243; _builder_version=&#187;4.16&#8243; _module_preset=&#187;default&#187; global_colors_info=&#187;{}&#187;][et_pb_text _builder_version=&#187;4.16&#8243; _module_preset=&#187;default&#187; global_colors_info=&#187;{}&#187;]<\/p>\n<p class=\"parrafo\">Musikalischer Leiter des Kammerorchesters concertino ist Paul Locher.<\/p>\n<p>Nach der Matura am Kollegium Brig Ausbildung (Violine und Dirigieren) in Bern und Rotterdam bei U. Lehmann, D. Van Wely, R. Tschupp und M. Venzago. Konzertdiplom f\u00fcr Violine. Studienpreise J\u00fcrg-Stucky- und Lukas-Emch-Stiftung. Ein F\u00f6rderstipendium des Niederl\u00e4ndischen Kulturministeriums erm\u00f6glicht ihm ein Weiterstudium an der Musikhochschule Rotterdam in der Meisterklasse von J.J. Kantorow. Studium der Musikwissenschaft an der Universit\u00e4t Bern. Gymnasiallehrerdiplom f\u00fcr Musik (HLA).<\/p>\n<p>Spielte u.a. im Orchestre Philharmonique Suisse, mit dem er an allen wichtigen Festivals der Schweiz auftritt. Konzertmeister und Solist des Schweizer Jugendsinfonieorchesters, sp\u00e4ter w\u00e4hrend mehreren Jahren Konzertmeister des Orchestre de Chambre du Valais und Mitglied des Festivalorchesters Ernen.<\/p>\n<p>[\/et_pb_text][\/et_pb_column][\/et_pb_row][\/et_pb_section][et_pb_section fb_built=&#187;1&#8243; fullwidth=&#187;on&#187; _builder_version=&#187;4.16&#8243; _module_preset=&#187;default&#187; background_image=&#187;http:\/\/concertinowallis.ch\/wp-content\/uploads\/2022\/03\/presse_concertino02c.jpg&#187; parallax=&#187;on&#187; parallax_method=&#187;off&#187; height=&#187;450px&#187; global_colors_info=&#187;{}&#187;][\/et_pb_section][et_pb_section fb_built=&#187;1&#8243; _builder_version=&#187;4.16&#8243; _module_preset=&#187;default&#187; max_height=&#187;100px&#187; global_colors_info=&#187;{}&#187;][et_pb_row _builder_version=&#187;4.16&#8243; _module_preset=&#187;default&#187; global_colors_info=&#187;{}&#187;][et_pb_column type=&#187;4_4&#8243; _builder_version=&#187;4.16&#8243; _module_preset=&#187;default&#187; global_colors_info=&#187;{}&#187;][et_pb_text _builder_version=&#187;4.16&#8243; _module_preset=&#187;default&#187; text_font=&#187;Gilda Display|700|||||||&#187; text_font_size=&#187;20px&#187; text_letter_spacing=&#187;1px&#187; global_colors_info=&#187;{}&#187;]<\/p>\n<p style=\"text-align: center;\"><strong>AKTIVIT\u00c4TEN<\/strong><\/p>\n<p>[\/et_pb_text][\/et_pb_column][\/et_pb_row][\/et_pb_section][et_pb_section fb_built=&#187;1&#8243; _builder_version=&#187;4.16&#8243; _module_preset=&#187;default&#187; global_colors_info=&#187;{}&#187;][et_pb_row _builder_version=&#187;4.16&#8243; _module_preset=&#187;default&#187; global_colors_info=&#187;{}&#187;][et_pb_column type=&#187;4_4&#8243; _builder_version=&#187;4.16&#8243; _module_preset=&#187;default&#187; global_colors_info=&#187;{}&#187;][et_pb_text _builder_version=&#187;4.16&#8243; _module_preset=&#187;default&#187; global_colors_info=&#187;{}&#187;]<\/p>\n<ul>\n<li><span style=\"font-size: 14px;\">Lancierung eigener innovativer Projekte (z.B. Chaplin, Flamenco, Urauff\u00fchrungen, Alpenl\u00e4ndisches, Ein musikalischer Spass, Alcina)<br \/><\/span><strong><\/strong><span style=\"font-size: 14px;\"><\/span><\/li>\n<li style=\"text-align: left;\">Orchesterkonzerte auf Anfrage in kleiner Streicherbesetzung oder auch in erweiterter Formation (z.B. Musikdorf Ernen, Pfingstkonzert in der Kollegiumskirche in Brig)\n<\/li>\n<li style=\"text-align: left;\">Chor- und Solistenbegleitungen auf Anfrage (z.B. Choeur Pro Arte Sion, Operette Leuk, Choeur Sainte-Croix Sierre, Uricanta Altdorf, Oberwalliser Vokalensemble, Oberwalliser Lehrerchor u.a.)\n<\/li>\n<li style=\"text-align: left;\">musikalische Umrahmung verschiedener Anl\u00e4sse auf Anfrage (Preisverleihung, Neujahrsempfang u.\u00e4.)\n<\/li>\n<\/ul>\n<p>.<\/p>\n<p>[\/et_pb_text][\/et_pb_column][\/et_pb_row][\/et_pb_section][et_pb_section fb_built=&#187;1&#8243; fullwidth=&#187;on&#187; _builder_version=&#187;4.16&#8243; _module_preset=&#187;default&#187; background_image=&#187;http:\/\/concertinowallis.ch\/wp-content\/uploads\/2022\/03\/presse_concertino02c.jpg&#187; parallax=&#187;on&#187; parallax_method=&#187;off&#187; height=&#187;450px&#187; max_height=&#187;1000px&#187; global_colors_info=&#187;{}&#187;][\/et_pb_section][et_pb_section fb_built=&#187;1&#8243; _builder_version=&#187;4.16&#8243; _module_preset=&#187;default&#187; min_height=&#187;100px&#187; height=&#187;100px&#187; global_colors_info=&#187;{}&#187; max_height__hover_enabled=&#187;on|desktop&#187;][et_pb_row _builder_version=&#187;4.16&#8243; _module_preset=&#187;default&#187; global_colors_info=&#187;{}&#187;][et_pb_column type=&#187;4_4&#8243; _builder_version=&#187;4.16&#8243; _module_preset=&#187;default&#187; global_colors_info=&#187;{}&#187;][et_pb_text _builder_version=&#187;4.16&#8243; _module_preset=&#187;default&#187; text_font=&#187;Gilda Display|700|||||||&#187; text_font_size=&#187;20px&#187; text_letter_spacing=&#187;1px&#187; global_colors_info=&#187;{}&#187;]<\/p>\n<p style=\"text-align: center;\"><span>MUSIKER UND MUSIKERINNEN<\/span><\/p>\n<p>[\/et_pb_text][\/et_pb_column][\/et_pb_row][\/et_pb_section][et_pb_section fb_built=&#187;1&#8243; _builder_version=&#187;4.16&#8243; _module_preset=&#187;default&#187; global_colors_info=&#187;{}&#187;][et_pb_row column_structure=&#187;1_4,1_4,1_4,1_4&#8243; _builder_version=&#187;4.16&#8243; _module_preset=&#187;default&#187; global_colors_info=&#187;{}&#187;][et_pb_column type=&#187;1_4&#8243; _builder_version=&#187;4.16&#8243; _module_preset=&#187;default&#187; global_colors_info=&#187;{}&#187;][et_pb_text _builder_version=&#187;4.16&#8243; _module_preset=&#187;default&#187; global_colors_info=&#187;{}&#187;]<\/p>\n<p style=\"text-align: center;\"><strong>Violine<\/strong><\/p>\n<p style=\"text-align: center;\"><strong> <\/strong><\/p>\n<p style=\"text-align: center;\"><strong><\/strong><span>Paul Locher (Konzertmeister)<\/span><br \/><span>Jean-Robert Escher<\/span><br \/><span>Fabienne Imoberdorf<\/span><br \/><span>Emily Ross<\/span><br \/><span>Regina Salzmann<\/span><br \/><span>Rachel Providoli<br \/>Jules Voutaz<\/span><span><\/span><\/p>\n<p>[\/et_pb_text][\/et_pb_column][et_pb_column type=&#187;1_4&#8243; _builder_version=&#187;4.16&#8243; _module_preset=&#187;default&#187; global_colors_info=&#187;{}&#187;][et_pb_text _builder_version=&#187;4.16&#8243; _module_preset=&#187;default&#187; global_colors_info=&#187;{}&#187;]<\/p>\n<p style=\"text-align: center;\"><strong>Viola<br \/><\/strong><br \/><span>Anne-Marie Bagnoud<\/span><br \/><span>Andreas Seitz<\/span><br \/><span>Marie-Luise Williner<\/span><\/p>\n<p>[\/et_pb_text][\/et_pb_column][et_pb_column type=&#187;1_4&#8243; _builder_version=&#187;4.16&#8243; _module_preset=&#187;default&#187; global_colors_info=&#187;{}&#187;][et_pb_text _builder_version=&#187;4.16&#8243; _module_preset=&#187;default&#187; custom_padding=&#187;||0px|||&#187; global_colors_info=&#187;{}&#187;]<\/p>\n<p style=\"text-align: center;\"><strong>Violoncello<\/strong><\/p>\n<p><span>Noah Locher<\/span><br \/><span>Judit Escher-Schalbetter<\/span><\/p>\n<p>[\/et_pb_text][\/et_pb_column][et_pb_column type=&#187;1_4&#8243; _builder_version=&#187;4.16&#8243; _module_preset=&#187;default&#187; global_colors_info=&#187;{}&#187;][et_pb_text _builder_version=&#187;4.16&#8243; _module_preset=&#187;default&#187; global_colors_info=&#187;{}&#187;]<\/p>\n<p class=\"titulos\" style=\"text-align: center;\"><strong>\u00a0Regelm\u00e4ssige Gastmusiker<br \/>und \u2013 Musikerinnen<\/strong><\/p>\n<p style=\"text-align: center;\">Patrizia Pacozzi (Vl)<br \/>Dominik Kiefer (Vl)<br \/>Silvia Halter (Vc)<br \/>Matthias Walpen (Vc)<br \/>Matyas Vinczi\u00a0(Kb)<br \/>Eliane Locher-Walpen (Fl)<br \/>Roman Schmid (Ob)<\/p>\n<p>[\/et_pb_text][\/et_pb_column][\/et_pb_row][\/et_pb_section][et_pb_section fb_built=&#187;1&#8243; fullwidth=&#187;on&#187; _builder_version=&#187;4.16&#8243; _module_preset=&#187;default&#187; background_image=&#187;http:\/\/concertinowallis.ch\/wp-content\/uploads\/2022\/02\/20121225-Kammerorchester_Website_Hauptprobe_Ernen-427.jpg&#187; parallax=&#187;on&#187; parallax_method=&#187;off&#187; height=&#187;450px&#187; global_colors_info=&#187;{}&#187;][\/et_pb_section][et_pb_section fb_built=&#187;1&#8243; _builder_version=&#187;4.16&#8243; _module_preset=&#187;default&#187; min_height=&#187;100px&#187; height=&#187;100px&#187; global_colors_info=&#187;{}&#187;][et_pb_row _builder_version=&#187;4.16&#8243; _module_preset=&#187;default&#187; global_colors_info=&#187;{}&#187;][et_pb_column type=&#187;4_4&#8243; _builder_version=&#187;4.16&#8243; _module_preset=&#187;default&#187; global_colors_info=&#187;{}&#187;][et_pb_text _builder_version=&#187;4.16&#8243; _module_preset=&#187;default&#187; text_font=&#187;Gilda Display||||||||&#187; text_font_size=&#187;20px&#187; text_letter_spacing=&#187;1px&#187; min_height=&#187;100px&#187; height=&#187;100px&#187; global_colors_info=&#187;{}&#187;]<\/p>\n<p style=\"text-align: center;\"><strong>VORSTAND<\/strong><\/p>\n<p>[\/et_pb_text][\/et_pb_column][\/et_pb_row][\/et_pb_section][et_pb_section fb_built=&#187;1&#8243; _builder_version=&#187;4.16&#8243; _module_preset=&#187;default&#187; global_colors_info=&#187;{}&#187;][et_pb_row _builder_version=&#187;4.16&#8243; _module_preset=&#187;default&#187; global_colors_info=&#187;{}&#187;][et_pb_column type=&#187;4_4&#8243; _builder_version=&#187;4.16&#8243; _module_preset=&#187;default&#187; global_colors_info=&#187;{}&#187;][et_pb_text _builder_version=&#187;4.16&#8243; _module_preset=&#187;default&#187; custom_padding=&#187;0px||0px|||&#187; global_colors_info=&#187;{}&#187;]<\/p>\n<p style=\"text-align: center;\"><strong><\/strong>Pr\u00e4sidentin: Dr. Sidonie Heinzmann<br \/>Kassier:\u00a0Andreas Seitz<br \/>Aktuar: Jean Robert Escher<br \/>Musikalischer Leiter:\u00a0Paul Locher<\/p>\n<p class=\"parrafo\" style=\"text-align: center;\">Das Kammerorchester concertino ist ein Verein<\/p>\n<p>[\/et_pb_text][\/et_pb_column][\/et_pb_row][\/et_pb_section]<\/p>\n","protected":false},"excerpt":{"rendered":"<p>ORCHESTERSeit \u00fcber 20 Jahren \u00fcberrascht das Kammerorchester concertino in der Konzertszene mit originellen Programmkonzepten, neuen Formen der Konzertkultur und innovativem Repertoire. Die Live-Vertonung mit der Originalmusik zu \u201eThe Circus\u201c\u00a0von Charlie Chaplin im Stockalperhof, die Programme\u201cFlamenco\u201c\u00a0mit der T\u00e4nzerin Alicia Lopez,\u201cEin musikalischer Spass\u201c\u00a0oder die Freilichtauff\u00fchrung der Oper \u201eAlcina\u201c\u00a0sind dem Oberwalliser Publikum in bester Erinnerung. Das Ensemble \u00fcbernimmt [&hellip;]<\/p>\n","protected":false},"author":1,"featured_media":0,"parent":0,"menu_order":0,"comment_status":"closed","ping_status":"closed","template":"","meta":{"_et_pb_use_builder":"on","_et_pb_old_content":"<!-- wp:paragraph -->\n<p>Dies ist eine Beispiel-Seite. Sie unterscheidet sich von Beitr\u00e4gen, da sie stets an derselben Stelle bleibt und (bei den meisten Themes) in der Website-Navigation angezeigt wird. Die meisten starten mit einem Impressum, der Datenschutzerkl\u00e4rung oder einer \u00ab\u00dcber&nbsp;uns\u00bb-Seite, um sich potenziellen Besuchern der Website vorzustellen. Dort k\u00f6nnte zum Beispiel stehen:<\/p>\n<!-- \/wp:paragraph -->\n\n<!-- wp:quote -->\n<blockquote class=\"wp-block-quote\"><p>Hallo! Tags\u00fcber arbeite ich als Velokurier, nachts bin ich ein aufstrebender Schauspieler und dies hier ist meine Website. Ich lebe in Z\u00fcrich, habe einen grossen Hund namens Jack, mag Pi&#241;a Coladas, jedoch weniger (ohne Schirm) im Regen stehen gelassen zu werden<\/p><\/blockquote>\n<!-- \/wp:quote -->\n\n<!-- wp:paragraph -->\n<p>...oder so etwas wie das hier:<\/p>\n<!-- \/wp:paragraph -->\n\n<!-- wp:quote -->\n<blockquote class=\"wp-block-quote\"><p>Das Unternehmen XYZ wurde 1971 gegr\u00fcndet und versorgt die \u00d6ffentlichkeit seither mit qualitativ hochwertigen Produkten. An seinem Standort in einer kleinen Grossstadt besch\u00e4ftigt der Betrieb \u00fcber 2.000 Menschen und unterst\u00fctzt die Stadtbewohner in vielfacher Hinsicht.<\/p><\/blockquote>\n<!-- \/wp:quote -->\n\n<!-- wp:paragraph -->\n<p>Als neuer WordPress-Benutzer sollten Sie <a href=\"http:\/\/concertinowallis.ch\/wp-admin\/\">Ihr Dashboard<\/a> aufrufen, um diese Seite zu l\u00f6schen und neue Seiten und Beitr\u00e4ge f\u00fcr Ihre Website erstellen. Viel Spass!<\/p>\n<!-- \/wp:paragraph -->","_et_gb_content_width":"","footnotes":""},"class_list":["post-2","page","type-page","status-publish","hentry"],"_links":{"self":[{"href":"https:\/\/concertinowallis.ch\/index.php?rest_route=\/wp\/v2\/pages\/2","targetHints":{"allow":["GET"]}}],"collection":[{"href":"https:\/\/concertinowallis.ch\/index.php?rest_route=\/wp\/v2\/pages"}],"about":[{"href":"https:\/\/concertinowallis.ch\/index.php?rest_route=\/wp\/v2\/types\/page"}],"author":[{"embeddable":true,"href":"https:\/\/concertinowallis.ch\/index.php?rest_route=\/wp\/v2\/users\/1"}],"replies":[{"embeddable":true,"href":"https:\/\/concertinowallis.ch\/index.php?rest_route=%2Fwp%2Fv2%2Fcomments&post=2"}],"version-history":[{"count":26,"href":"https:\/\/concertinowallis.ch\/index.php?rest_route=\/wp\/v2\/pages\/2\/revisions"}],"predecessor-version":[{"id":687,"href":"https:\/\/concertinowallis.ch\/index.php?rest_route=\/wp\/v2\/pages\/2\/revisions\/687"}],"wp:attachment":[{"href":"https:\/\/concertinowallis.ch\/index.php?rest_route=%2Fwp%2Fv2%2Fmedia&parent=2"}],"curies":[{"name":"wp","href":"https:\/\/api.w.org\/{rel}","templated":true}]}}