{"id":509,"date":"2022-03-13T17:45:09","date_gmt":"2022-03-13T16:45:09","guid":{"rendered":"https:\/\/concertinowallis.ch\/?post_type=project&#038;p=509"},"modified":"2024-02-06T16:33:21","modified_gmt":"2024-02-06T15:33:21","slug":"509","status":"publish","type":"project","link":"https:\/\/concertinowallis.ch\/?project=509","title":{"rendered":"Rinaldo 2018"},"content":{"rendered":"\n[et_pb_section fb_built=&#187;1&#8243; fullwidth=&#187;on&#187; _builder_version=&#187;4.14.8&#8243; _module_preset=&#187;default&#187; custom_margin=&#187;-37px||||false|false&#187; global_module=&#187;152&#8243; saved_tabs=&#187;all&#187; locked=&#187;on&#187; global_colors_info=&#187;{}&#187;][et_pb_fullwidth_menu _builder_version=&#187;4.14.8&#8243; _module_preset=&#187;default&#187; height=&#187;80px&#187; custom_margin=&#187;35px||||false|false&#187; global_colors_info=&#187;{}&#187;][\/et_pb_fullwidth_menu][\/et_pb_section][et_pb_section fb_built=&#187;1&#8243; _builder_version=&#187;4.14.7&#8243; _module_preset=&#187;default&#187; global_colors_info=&#187;{}&#187;][et_pb_row _builder_version=&#187;4.14.7&#8243; _module_preset=&#187;default&#187; global_colors_info=&#187;{}&#187;][et_pb_column type=&#187;4_4&#8243; _builder_version=&#187;4.14.7&#8243; _module_preset=&#187;default&#187; global_colors_info=&#187;{}&#187;][et_pb_text _builder_version=&#187;4.14.7&#8243; _module_preset=&#187;default&#187; text_font=&#187;Gilda Display|700|||||||&#187; text_font_size=&#187;20px&#187; text_letter_spacing=&#187;1px&#187; height=&#187;100px&#187; global_colors_info=&#187;{}&#187;]<p style=\"text-align: center;\"><strong>`RINALDO`2018 \u2013 EIN BAROCKES FEST F\u00dcR AUG UND OHR UNTER BRIGS SCH\u00d6NEM NACHTHIMMEL!<\/strong><\/p>\n<p style=\"text-align: center;\"><strong>BAROCKOPER IM BAROCKSCHLOSS<\/strong><\/p>[\/et_pb_text][\/et_pb_column][\/et_pb_row][\/et_pb_section][et_pb_section fb_built=&#187;1&#8243; _builder_version=&#187;4.14.7&#8243; _module_preset=&#187;default&#187; global_colors_info=&#187;{}&#187;][et_pb_row column_structure=&#187;2_5,3_5&#8243; _builder_version=&#187;4.14.9&#8243; _module_preset=&#187;default&#187; min_height=&#187;242px&#187; global_colors_info=&#187;{}&#187;][et_pb_column type=&#187;2_5&#8243; _builder_version=&#187;4.14.7&#8243; _module_preset=&#187;default&#187; global_colors_info=&#187;{}&#187;][et_pb_text _builder_version=&#187;4.14.9&#8243; _module_preset=&#187;default&#187; global_colors_info=&#187;{}&#187;]<p><img loading=\"lazy\" decoding=\"async\" src=\"https:\/\/concertinowallis.ch\/wp-content\/uploads\/2022\/02\/Rinaldo-A4-5-neu1-212x300-1.jpg\" width=\"212\" height=\"300\" alt=\"\" class=\"wp-image-121 alignnone size-full\" style=\"float: right;\" \/><\/p>[\/et_pb_text][\/et_pb_column][et_pb_column type=&#187;3_5&#8243; _builder_version=&#187;4.14.7&#8243; _module_preset=&#187;default&#187; global_colors_info=&#187;{}&#187;][et_pb_text _builder_version=&#187;4.14.7&#8243; _module_preset=&#187;default&#187; custom_padding=&#187;|||1px||&#187; global_colors_info=&#187;{}&#187;]<p>Mit der szenischen Auff\u00fchrung im Hof des Stockalperschlosses Brig erklingt die ber\u00fcckende Musik H\u00e4ndels vor der sch\u00f6nsten Kulisse und in einzigartiger Akustik: barocke Musik in perfekter Synthese mit barocker Baukunst.Ein international besetztes Solistenensemble garantiert f\u00fcr h\u00f6chsten stimmlichen Genuss.<\/p>\n<p>Der Regisseur Andreas Rosar und der B\u00fchnenbildner Remo Arpagaus setzen mit ihren reichen Erfahrungen im professionellen B\u00fchnenschaffen einen spannenden Akzent in der Inszenierung. Mit dem kammerorchester concertino unter der Leitung von Paul Locher gibt ein erfahrenes Ensemble mit bestens qualifizierten Berufsmusikern und Spezialisten\u00a0 den orchestralen Rahmen.<\/p>\n<p>\u201aRINALDO\u2019 2018 wird zu einem barocken Fest f\u00fcr Aug und Ohr unter Brigs<br \/>sch\u00f6nstem Nachthimmel!<\/p>[\/et_pb_text][\/et_pb_column][\/et_pb_row][\/et_pb_section][et_pb_section fb_built=&#187;1&#8243; fullwidth=&#187;on&#187; _builder_version=&#187;4.14.7&#8243; _module_preset=&#187;default&#187; background_image=&#187;http:\/\/concertinowallis.ch\/wp-content\/uploads\/2022\/02\/231616-DSC_9098-scaled.jpg&#187; parallax=&#187;on&#187; parallax_method=&#187;off&#187; height=&#187;450px&#187; global_colors_info=&#187;{}&#187;][\/et_pb_section][et_pb_section fb_built=&#187;1&#8243; _builder_version=&#187;4.14.7&#8243; _module_preset=&#187;default&#187; height=&#187;100px&#187; global_colors_info=&#187;{}&#187;][et_pb_row _builder_version=&#187;4.14.7&#8243; _module_preset=&#187;default&#187; global_colors_info=&#187;{}&#187;][et_pb_column type=&#187;4_4&#8243; _builder_version=&#187;4.14.7&#8243; _module_preset=&#187;default&#187; global_colors_info=&#187;{}&#187;][et_pb_text _builder_version=&#187;4.14.7&#8243; _module_preset=&#187;default&#187; text_font=&#187;Gilda Display|700|||||||&#187; text_font_size=&#187;20px&#187; text_letter_spacing=&#187;1px&#187; global_colors_info=&#187;{}&#187;]<p style=\"text-align: center;\"><strong>BESETZUNG<\/strong><\/p>[\/et_pb_text][\/et_pb_column][\/et_pb_row][\/et_pb_section][et_pb_section fb_built=&#187;1&#8243; _builder_version=&#187;4.14.7&#8243; _module_preset=&#187;default&#187; global_colors_info=&#187;{}&#187;][et_pb_row column_structure=&#187;1_3,2_3&#8243; _builder_version=&#187;4.14.7&#8243; _module_preset=&#187;default&#187; global_colors_info=&#187;{}&#187;][et_pb_column type=&#187;1_3&#8243; _builder_version=&#187;4.14.7&#8243; _module_preset=&#187;default&#187; global_colors_info=&#187;{}&#187;][et_pb_text _builder_version=&#187;4.14.9&#8243; _module_preset=&#187;default&#187; global_colors_info=&#187;{}&#187;]<p>&nbsp;<\/p>\n<p><img loading=\"lazy\" decoding=\"async\" src=\"https:\/\/concertinowallis.ch\/wp-content\/uploads\/2022\/02\/CAMARINHA-Harcourt-241x300-1.jpg\" width=\"193\" height=\"240\" alt=\"\" class=\"wp-image-210 alignnone size-full\" style=\"float: right;\" \/><\/p>[\/et_pb_text][\/et_pb_column][et_pb_column type=&#187;2_3&#8243; _builder_version=&#187;4.14.7&#8243; _module_preset=&#187;default&#187; global_colors_info=&#187;{}&#187;][et_pb_text _builder_version=&#187;4.14.7&#8243; _module_preset=&#187;default&#187; global_colors_info=&#187;{}&#187;]<p><strong>RAQUEL CAMARINHA, Sopran<br \/><br \/><\/strong><span>Die portugiesische Sopranistin Raquel Camarinha begann ihr Gesangsstudium an der \u201eEscola de Musica da Povoa de Varzim\u201c. 2004 wurde sie mit einem ersten Preis f\u00fcr Gesang mit Gratulation der Jury ausgezeichnet. <\/span><span>Danach studierte sie in der Berufsklasse von Chantal Mathias am Conservatoire National Sup\u00e9rieur de Musique et de Danse Paris, wo sie den Master f\u00fcr Gesang sowie das Diplom Artiste Interpr\u00e8te Chant et R\u00e9pertoire Contemporain et Cr\u00e9ation erhielt. <\/span><span>Raquel Camarinha ist Preistr\u00e4gerin mehrerer nationaler und internationaler Wettbewerbe. 2017 war sie Finalistin des wichtigsten Nachwuchswettbewerbs in Frankreich, den Victoires de la Musique Classique in der Kategorie Artiste Lyrique, 2011 erhielt sie den ersten Preis des Concours National de Chant Luisa Todi in Portugal und den Preis f\u00fcr die \u201eBeste weibliche Interpretin\u201c an der Armel Opera Competition in Ungarn. 2013 errang sie den 1. Preis und den Publikumspreis am Concours International de Chant Baroque de Froville. Ihr Repertoire erstreckt sich vom Barock bis hin zur Zeitgen\u00f6ssischen Musik. Sie hat die grossen Mozartrollen gesungen (Pamina, Susanna, Zerlina) und wichtige B\u00fchnenerfahrung gesammelt mit Morgana, Bellezza (H\u00e4ndel) Titania (The Fairy Queen, Purcell), Polly (Die Dreigroschenoper, Weill\/Brecht). <\/span><span>Raquel Camarinha ist regelm\u00e4ssig in der Op\u00e9ra Comique und in der Philharmonie von Paris zu h\u00f6ren.<\/span><\/p>[\/et_pb_text][\/et_pb_column][\/et_pb_row][\/et_pb_section][et_pb_section fb_built=&#187;1&#8243; _builder_version=&#187;4.14.7&#8243; _module_preset=&#187;default&#187; global_colors_info=&#187;{}&#187;][et_pb_row column_structure=&#187;1_3,2_3&#8243; _builder_version=&#187;4.14.7&#8243; _module_preset=&#187;default&#187; global_colors_info=&#187;{}&#187;][et_pb_column type=&#187;1_3&#8243; _builder_version=&#187;4.14.7&#8243; _module_preset=&#187;default&#187; global_colors_info=&#187;{}&#187;][et_pb_text _builder_version=&#187;4.14.9&#8243; _module_preset=&#187;default&#187; global_colors_info=&#187;{}&#187;]<p style=\"text-align: right;\">\n<p style=\"text-align: right;\">\n<p style=\"text-align: right;\">\n<p style=\"text-align: right;\"><img loading=\"lazy\" decoding=\"async\" src=\"https:\/\/concertinowallis.ch\/wp-content\/uploads\/2022\/02\/DSC_0845-copie-300x240-1.jpg\" width=\"300\" height=\"240\" alt=\"\" class=\"wp-image-211 alignnone size-full\" \/><\/p>[\/et_pb_text][\/et_pb_column][et_pb_column type=&#187;2_3&#8243; _builder_version=&#187;4.14.7&#8243; _module_preset=&#187;default&#187; global_colors_info=&#187;{}&#187;][et_pb_text _builder_version=&#187;4.14.7&#8243; _module_preset=&#187;default&#187; global_colors_info=&#187;{}&#187;]<p><strong>CAROLE REY, Sopran<br \/><\/strong><br \/>Die im Wallis geborene Schweizer Sopranistin Carole Rey begann ihr Gesangsstudium am Konservatorium Sitten (Schweiz) bei Jean-Luc Follonier. Im Anschluss daran begann sie zun\u00e4chst das Studium im Fach Sozialp\u00e4dagik in Sitten (Schweiz), das sie 2007 mit einem Diplom abschloss. Gleichzeitig begann sie ihr Studium in klassischem Gesang an der HKB Bern bei Janet Perry. Sie war Preistr\u00e4gerin der Friedl Wald-Stiftung 2010, des \u00abMigros\u00bb-Wettbewerbs 2011, der Irene D\u00e9n\u00e9r\u00e9az Stiftung 2011 und erhielt das F\u00f6rderstipendium. \u201eMusiquePro\u201c 2012-2014 des Staates Wallis. Sie besuchte Meisterkurse bei Laura Sarti, Peter Berne, No\u00ebmi Nadelmann, Paolo Vaglieri und Klaus Hubert. Im Opernstudio Schweiz sowie an der Accademia musicale di Savona unter Maestro Paolo Vaglieri, ehemaligem Chef der Mail\u00e4nder Scala, vertiefte sie sich im Opernfach. Erste Opernpartien sowie zahlreiche Konzerte, Liederabende und Auftritte im In- und Ausland folgten, u. a. Marzelline (Le Nozze di Figaro \/ W.A Mozart), Diane (Orph\u00e9e aux enfers \/ J. Offenbach), Euridice (Orfeo ed Euridice \/ Ch. W Gluck) Alcina (Alcina\/H\u00e4ndel) sowie Konzerte von Berlioz, Mendelssohn \u201eLobgesang\u201c, Rossini \u201ePetite Messe Solennelle\u201c ua. Ihre Liebe gilt auch dem Liedgesang (besonders den franz\u00f6sischen Komponisten wie Duparc, Ravel, Debussy, Poulenc) und der zeitgen\u00f6ssischen Musik (Urauff\u00fchrung Ezko Kikoutchi 2009).<\/p>[\/et_pb_text][\/et_pb_column][\/et_pb_row][\/et_pb_section][et_pb_section fb_built=&#187;1&#8243; _builder_version=&#187;4.14.7&#8243; _module_preset=&#187;default&#187; global_colors_info=&#187;{}&#187;][et_pb_row column_structure=&#187;1_3,2_3&#8243; _builder_version=&#187;4.14.7&#8243; _module_preset=&#187;default&#187; global_colors_info=&#187;{}&#187;][et_pb_column type=&#187;1_3&#8243; _builder_version=&#187;4.14.7&#8243; _module_preset=&#187;default&#187; global_colors_info=&#187;{}&#187;][et_pb_text _builder_version=&#187;4.14.9&#8243; _module_preset=&#187;default&#187; global_colors_info=&#187;{}&#187;]<p>&nbsp;<\/p>\n<p>&nbsp;<\/p>\n<p><img loading=\"lazy\" decoding=\"async\" src=\"https:\/\/concertinowallis.ch\/wp-content\/uploads\/2022\/02\/jan_boerner_1_farbe-300x200-1.jpg\" width=\"300\" height=\"200\" alt=\"\" class=\"wp-image-212 alignnone size-full\" style=\"float: right;\" \/><\/p>[\/et_pb_text][\/et_pb_column][et_pb_column type=&#187;2_3&#8243; _builder_version=&#187;4.14.7&#8243; _module_preset=&#187;default&#187; global_colors_info=&#187;{}&#187;][et_pb_text _builder_version=&#187;4.14.7&#8243; _module_preset=&#187;default&#187; global_colors_info=&#187;{}&#187;]<p><strong>JAN B\u00d6RNER, Countertenor<\/strong><\/p>\n<strong> <\/strong>\n<p><strong><\/strong><span>Jan B\u00f6rner begann seine s\u00e4ngerische Ausbildung bereits mit neun Jahren, als er Mitglied der Singknaben der St. Ursenkathedrale Solothurn wurde. Mit elf Jahren genoss er seinen ersten grossen Soloauftritt als Knabensopran.\u2028 Zun\u00e4chst studierte Jan B\u00f6rner als Privatsch\u00fcler bei Richard Levitt, bevor er 2004 bis 2010 sein Gesangsstudium bei Prof. Ulrich Messthaler an der Schola Cantorum Basiliensis absolvierte und mit dem Diplom f\u00fcr Alte Musik abschloss. Daneben erhielt er auch Unterricht bei Andreas Scholl und Margreet Honig. Seit einigen Jahren arbeitet Jan B\u00f6rner intensiv mit dem Ensemble Il Profondo zusammen, mit dem er bereits verschiedene Konzerte realisiert hat. Eine erste CD mit Deutschen Fr\u00fchkantaten und Geistlichen Konzerten des 17. Jahrhunderts unter dem Titel \u201eabsorta est\u2026\u201c erschien 2015 beim Label resonando. Die CD erhielt viele positive Rezensionen und wurde f\u00fcr den Preis der deutschen Schallplattenkritik 2015 nominiert. <\/span><span>Zu seinen bisher besonderen Auftritten geh\u00f6ren u.a. Konzerttourneen mit dem Ricercar Consort (Philippe Pierlot) durch Belgien und Frankreich, Auftritte in J.S. Bachs Matth\u00e4uspassion in der Berliner Philharmonie, am Internationalen Bachfest Schaffhausen oder als H\u00e4ndels Solomon in der Victoria Hall in Genf. Konzertengagements f\u00fchrten ihn auch schon nach Norwegen und Brasilien. Im Sommer 2015 war B\u00f6rner mit Fairy Queen von H. Purcell, 2016 als Ruggiero in Alcina von G.F. H\u00e4ndel am Stadttheater Biel Solothurn zu erleben. Jan B\u00f6rner ist Migros-Kulturprozent- Preistr\u00e4ger.<\/span><\/p>[\/et_pb_text][\/et_pb_column][\/et_pb_row][\/et_pb_section][et_pb_section fb_built=&#187;1&#8243; _builder_version=&#187;4.14.7&#8243; _module_preset=&#187;default&#187; global_colors_info=&#187;{}&#187;][et_pb_row column_structure=&#187;1_3,2_3&#8243; _builder_version=&#187;4.14.7&#8243; _module_preset=&#187;default&#187; global_colors_info=&#187;{}&#187;][et_pb_column type=&#187;1_3&#8243; _builder_version=&#187;4.14.7&#8243; _module_preset=&#187;default&#187; global_colors_info=&#187;{}&#187;][et_pb_text _builder_version=&#187;4.14.9&#8243; _module_preset=&#187;default&#187; global_colors_info=&#187;{}&#187;]<p>&nbsp;<\/p>\n<p><img loading=\"lazy\" decoding=\"async\" src=\"https:\/\/concertinowallis.ch\/wp-content\/uploads\/2022\/03\/84083645_10156730237811911_6711245347596795904_n.jpg\" width=\"281\" height=\"281\" alt=\"\" class=\"wp-image-517 alignnone size-full\" style=\"float: right;\" \/><\/p>[\/et_pb_text][\/et_pb_column][et_pb_column type=&#187;2_3&#8243; _builder_version=&#187;4.14.7&#8243; _module_preset=&#187;default&#187; global_colors_info=&#187;{}&#187;][et_pb_text _builder_version=&#187;4.14.7&#8243; _module_preset=&#187;default&#187; global_colors_info=&#187;{}&#187;]<p><strong>FRITZ SPENGLER, Countertenor<\/strong><br \/><br \/>Fritz Spengler sammelte seine ersten musikalischen Erfahrungen an der Domsingschule in Passau und nach dem Stimmbruch wechselte er 2007 in das Fach des Countertenores und studierte bis 2009 Gesang bei Saverio Suarez-Ribaudo in M\u00fcnchen. Parallel hierzu erg\u00e4nzte er seine Ausbildung durch Meisterkurse bei Marilyn Schmiege, Angelika Kirchschlager und Trevor Pinnock. Von 2009-2015 studierte er an der Universit\u00e4t Mozarteum Salzburg bei Prof. Kjellaug Tesaker und schloss sein Studium mit Auszeichnung ab. W\u00e4hrend seines Studium erhielt er ein Stipendium der H\u00fcbelstiftung. Erste B\u00fchnenerfahrung sammelte er bei seinem Operndeb\u00fct 2008 als Prinz Orlofsky in \u201eDie Fledermaus\u201c und bei drei Produktionen am theater \/\/ an der rott, wo er 2013 als Amor in Glucks \u201eOrfeo ed Euridice\u201c, als Hexe in Humperdincks \u201eH\u00e4nsel und Gretel\u201c und als Prinz Paul in Offenbachs \u201eGro\u00dfherzogin von Gerolstein\u201c zu erleben war. Seine rege Konzertt\u00e4tigkeit f\u00fchrt ihn bereits ins In- und Ausland. Inzwischen z\u00e4hlen zu seinem umfangreichen Repertoire Werke von Monteverdi \u00fcber Bach, Vivaldi, H\u00e4ndel, Mozart, Rossini bis hin zu Britten. Aber auch die Musik der 20er und30er Jahre liegt ihm am Herzen. Beim Internationalen Lions Gesangswettbewerb Gut Immlingwurde er 2009 \u2028mit dem Preis f\u00fcr den besten Nachwuchsk\u00fcnstler ausgezeichnet. Nach der Teilnahme am Wettbewerb \u201eConcorso Internationale Arte Musicale e Talento\u201c in Vicenza 2010 konnte er gleich zwei Auszeichnungen f\u00fcr sich in Anspruch nehmen: \u201eAll\u2019Artista piu giovane\u201c und dem \u201ePremio Comitato l\u2019onore Villa Cordellina\u201c. Seit der Spielzeit 2015\/2016 ist er Ensemblemitglied am Theater Trier. Seine im Mai 2017 erschiene erste Solo-CD \u201eGerman Arias\u201c wurde unteranderem f\u00fcr den Preis der Deutschen Schallplattenkritiker nominiert.<\/p>[\/et_pb_text][\/et_pb_column][\/et_pb_row][\/et_pb_section][et_pb_section fb_built=&#187;1&#8243; _builder_version=&#187;4.14.7&#8243; _module_preset=&#187;default&#187; global_colors_info=&#187;{}&#187;][et_pb_row column_structure=&#187;1_3,2_3&#8243; _builder_version=&#187;4.14.7&#8243; _module_preset=&#187;default&#187; global_colors_info=&#187;{}&#187;][et_pb_column type=&#187;1_3&#8243; _builder_version=&#187;4.14.7&#8243; _module_preset=&#187;default&#187; global_colors_info=&#187;{}&#187;][et_pb_text _builder_version=&#187;4.14.9&#8243; _module_preset=&#187;default&#187; global_colors_info=&#187;{}&#187;]<p><img loading=\"lazy\" decoding=\"async\" src=\"https:\/\/concertinowallis.ch\/wp-content\/uploads\/2022\/02\/Beinhauer1-683x1024-1.jpg\" width=\"243\" height=\"364\" alt=\"\" class=\"wp-image-213 alignnone size-full\" style=\"float: right;\" \/><\/p>[\/et_pb_text][\/et_pb_column][et_pb_column type=&#187;2_3&#8243; _builder_version=&#187;4.14.7&#8243; _module_preset=&#187;default&#187; global_colors_info=&#187;{}&#187;][et_pb_text _builder_version=&#187;4.14.7&#8243; _module_preset=&#187;default&#187; global_colors_info=&#187;{}&#187;]<p><strong>ANDREAS BEINHAUER, Bariton<\/strong><br \/><br \/>Aus dem s\u00fcddeutschen Aalen stammend, absolvierte der Bariton Andreas Beinhauer sein Studium in Gesang und Liedgestaltung bei Mitsuko Shirai und Hartmut H\u00f6ll an der Hochschule f\u00fcr Musik in Karlsruhe und erhielt wichtige Impulse in Meisterkursen unter anderem von Udo Reinemann, Thomas Hampson, Brigitte Fassbaender, Christa Ludwig, Julia Varady und Thomas Quasthoff. W\u00e4hrend seines Studiums wurde er von der Studienstiftung des deutschen Volkes gef\u00f6rdert. 2014 und 2015 gastierte er am Nationaltheater Mannheim und den st\u00e4dtischen B\u00fchnen Wuppertal, bevor er in der Spielzeit 2015\/16 Mitglied des Opernensembles am Theater Chemnitz wurde. Dort verk\u00f6rperte er unter anderem Albert in<span>\u00a0<\/span><em>Werther<\/em>, F\u00fcrst Jeletzkij in<span>\u00a0<\/span><em>Pique Dame<\/em>, Argante in<span>\u00a0<\/span><em>Rinaldo<\/em>, den Grafen in<span>\u00a0<\/span><em>Le Nozze di Figaro<span>\u00a0<\/span><\/em>und Wolfram in Richard Wagners<span>\u00a0<\/span><em>Tannh\u00e4user.<\/em><br \/>Andreas Beinhauer ist rege als Lied- und Oratoriensolist t\u00e4tig. Konzertreisen f\u00fchrten ihn u. a. nach Paris, Wien, in die Schweiz, nach Kairo und S\u00fcdafrika (Kapstadt, Stellenbosch). Mit Johann Sebastian Bachs Weihnachtsoratorium war er zu Gast in der Berliner Philharmonie und dem M\u00fcnster Basel. Liederabende gab er u. a. mit Hartmut H\u00f6ll, Wolfram Rieger und Markus Hadulla. Gemeinsam mit der Pianistin Melania Kluge gewann er 2012 den 3. Preis beim Internationalen Wettbewerb f\u00fcr Liedkunst der Hugo-Wolf-Akademie Stuttgart. Im Duo mit Anna Beinhauer (Graczykowska) gewann er 2015 in der Sparte<span>\u00a0<\/span><em>Lied<\/em><span>\u00a0<\/span>den 2. Preis beim internationalen Wettbewerb<span>\u00a0<\/span><em>Franz Schubert und die Moderne<\/em><span>\u00a0<\/span>in Graz und im selben Jahr den 1. Preis beim Wettbewerb f\u00fcr das Lied des 20. und 21. Jahrhunderts in Karlsruhe den 1. Preis. Anfang M\u00e4rz 2018 erschien eine CD unter Mitwirkung des jungen Liedduos mit Werken von Hermann Reutter beim Label capriccio.<\/p>[\/et_pb_text][\/et_pb_column][\/et_pb_row][\/et_pb_section][et_pb_section fb_built=&#187;1&#8243; fullwidth=&#187;on&#187; _builder_version=&#187;4.14.7&#8243; _module_preset=&#187;default&#187; background_image=&#187;http:\/\/concertinowallis.ch\/wp-content\/uploads\/2022\/02\/231616-DSC_9098-scaled.jpg&#187; parallax=&#187;on&#187; parallax_method=&#187;off&#187; height=&#187;450px&#187; global_colors_info=&#187;{}&#187;][\/et_pb_section][et_pb_section fb_built=&#187;1&#8243; _builder_version=&#187;4.14.7&#8243; _module_preset=&#187;default&#187; global_colors_info=&#187;{}&#187;][et_pb_row _builder_version=&#187;4.14.7&#8243; _module_preset=&#187;default&#187; min_height=&#187;100px&#187; global_colors_info=&#187;{}&#187;][et_pb_column type=&#187;4_4&#8243; _builder_version=&#187;4.14.7&#8243; _module_preset=&#187;default&#187; global_colors_info=&#187;{}&#187;][et_pb_text _builder_version=&#187;4.14.7&#8243; _module_preset=&#187;default&#187; text_font=&#187;Gilda Display|700|||||||&#187; text_font_size=&#187;20px&#187; text_letter_spacing=&#187;1px&#187; global_colors_info=&#187;{}&#187;]<p style=\"text-align: center;\"><strong>REGIE<\/strong><\/p>[\/et_pb_text][\/et_pb_column][\/et_pb_row][et_pb_row column_structure=&#187;1_3,2_3&#8243; _builder_version=&#187;4.14.7&#8243; _module_preset=&#187;default&#187; global_colors_info=&#187;{}&#187;][et_pb_column type=&#187;1_3&#8243; _builder_version=&#187;4.14.7&#8243; _module_preset=&#187;default&#187; global_colors_info=&#187;{}&#187;][et_pb_text _builder_version=&#187;4.14.9&#8243; _module_preset=&#187;default&#187; global_colors_info=&#187;{}&#187;]<p>&nbsp;<\/p>\n<p><img loading=\"lazy\" decoding=\"async\" src=\"https:\/\/concertinowallis.ch\/wp-content\/uploads\/2022\/02\/RosarA-768x756-1.jpg\" width=\"371\" height=\"365\" alt=\"\" class=\"wp-image-214 alignnone size-full\" style=\"float: right;\" \/><\/p>[\/et_pb_text][\/et_pb_column][et_pb_column type=&#187;2_3&#8243; _builder_version=&#187;4.14.7&#8243; _module_preset=&#187;default&#187; global_colors_info=&#187;{}&#187;][et_pb_text _builder_version=&#187;4.14.7&#8243; _module_preset=&#187;default&#187; global_colors_info=&#187;{}&#187;]<p><strong>ANDREAS\u00a0ROSAR<\/strong><br \/><br \/>Andreas Rosar kehrt nach der Inszenierung von Georg Friedrich H\u00e4ndels<span>\u00a0<\/span><em>Alcina<\/em><span>\u00a0<\/span>mit dessen<em><span>\u00a0<\/span>Rinaldo<\/em><span>\u00a0<\/span>nach Brig zur\u00fcck. In den vergangenen Spielzeiten inszenierte der geb\u00fcrtige Saarl\u00e4nder unter anderem Mozarts<span>\u00a0<\/span><em>Cos\u00ec fan tutte<\/em><span>\u00a0<\/span>am Theater M\u00fcnster, Cimarosas<span>\u00a0<\/span><em>Il matrimonio segreto<\/em><span>\u00a0<\/span>am Theater Trier sowie die Urauff\u00fchrung von Edward Rushtons Kammeroper<span>\u00a0<\/span><em>Apartment<\/em><span>\u00a0<\/span>(Gare du Nord Basel). Seine Interpretation von Tchaikovskys<span>\u00a0<\/span><em>Evgeny Onegin<\/em><span>\u00a0<\/span>am Theater Biel Solothurn wurde auf einer Tourn\u00e9e durch die gesamte Schweiz, so auch im Th\u00e9\u00e2tre La Poste in Visp, gefeiert. Am Theater Biel Solothurn brachte er unter anderem auch die Schweizer Erstauff\u00fchrungen von H\u00e4ndels<span>\u00a0<\/span><em>Ezio<\/em><span>\u00a0<\/span>sowie Josef Myslive\u010deks<span>\u00a0<\/span><em>Antigona<\/em><span>\u00a0<\/span>auf die B\u00fchne.<span>\u00a0<\/span><em>Antigona<\/em><span>\u00a0<\/span>gastierte im Rahmen des ARMEL Opera Festivals mit gro\u00dfem Erfolg am Ungarischen Nationaltheater Szeged. Die Produktion wurde mit dem ARTE France Audience Award als beste Produktion des Festivals 2011 ausgezeichnet und erhielt zudem eine Nomination im Opernwelt-Jahrbuch. Bereits w\u00e4hrend seiner Studien der Theologie, Philosophie und Germanistk in Mainz und Rom wandte er sich dem Theater zu. Er assistierte dabei Regisseuren wie Frank Castorf, Peter Konwitschny, Denis Krief, Wolfram Mehring, Hans Neuenfels, Thomas Schulte-Michels, Beat Wyrsch und anderen. Engagements als Regieassistent und Abendspielleiter f\u00fchrten ihn unter anderem ans Saarl\u00e4ndische Staatstheater, die Bayerische Staatsoper, das Theater Biel Solothurn und das Bergen Festival in Norwegen. Eine langj\u00e4hrige Zusammenarbeit verbindet ihn mit den Bayreuther Festspielen, bei denen er seit 2009 an<span>\u00a0<\/span><em>Tristan und Isolde<\/em><span>\u00a0<\/span>(Christoph Marthaler),<span>\u00a0<\/span><em>Lohengrin<\/em><span>\u00a0<\/span>(Hans Neuenfels) sowie<span>\u00a0<\/span><em>Der Ring des Nibelungen<\/em><span>\u00a0<\/span>(Frank Castorf) als Spielleiter und Regieassistent mitwirkte. Zu seinen Projekten f\u00fcr die Saison 2018\/19 geh\u00f6ren Jacques Offenbachs<span>\u00a0<\/span><em>La vie parisienne<\/em><span>\u00a0<\/span>am Theater Trier und Giuseppe Verdis<span>\u00a0<\/span><em>Aida<\/em><span>\u00a0<\/span>am Theater Plauen Zwickau.<\/p>\n<p>www.andreasrosar.eu<\/p>[\/et_pb_text][\/et_pb_column][\/et_pb_row][\/et_pb_section][et_pb_section fb_built=&#187;1&#8243; _builder_version=&#187;4.14.9&#8243; _module_preset=&#187;default&#187; global_colors_info=&#187;{}&#187;][\/et_pb_section]\n","protected":false},"excerpt":{"rendered":"<p>`RINALDO`2018 \u2013 EIN BAROCKES FEST F\u00dcR AUG UND OHR UNTER BRIGS SCH\u00d6NEM NACHTHIMMEL! BAROCKOPER IM BAROCKSCHLOSSMit der szenischen Auff\u00fchrung im Hof des Stockalperschlosses Brig erklingt die ber\u00fcckende Musik H\u00e4ndels vor der sch\u00f6nsten Kulisse und in einzigartiger Akustik: barocke Musik in perfekter Synthese mit barocker Baukunst.Ein international besetztes Solistenensemble garantiert f\u00fcr h\u00f6chsten stimmlichen Genuss. Der Regisseur [&hellip;]<\/p>\n","protected":false},"author":1,"featured_media":0,"comment_status":"closed","ping_status":"closed","template":"","meta":{"_et_pb_use_builder":"on","_et_pb_old_content":"","_et_gb_content_width":"","footnotes":""},"project_category":[],"project_tag":[],"class_list":["post-509","project","type-project","status-publish","hentry"],"_links":{"self":[{"href":"https:\/\/concertinowallis.ch\/index.php?rest_route=\/wp\/v2\/project\/509","targetHints":{"allow":["GET"]}}],"collection":[{"href":"https:\/\/concertinowallis.ch\/index.php?rest_route=\/wp\/v2\/project"}],"about":[{"href":"https:\/\/concertinowallis.ch\/index.php?rest_route=\/wp\/v2\/types\/project"}],"author":[{"embeddable":true,"href":"https:\/\/concertinowallis.ch\/index.php?rest_route=\/wp\/v2\/users\/1"}],"replies":[{"embeddable":true,"href":"https:\/\/concertinowallis.ch\/index.php?rest_route=%2Fwp%2Fv2%2Fcomments&post=509"}],"version-history":[{"count":13,"href":"https:\/\/concertinowallis.ch\/index.php?rest_route=\/wp\/v2\/project\/509\/revisions"}],"predecessor-version":[{"id":587,"href":"https:\/\/concertinowallis.ch\/index.php?rest_route=\/wp\/v2\/project\/509\/revisions\/587"}],"wp:attachment":[{"href":"https:\/\/concertinowallis.ch\/index.php?rest_route=%2Fwp%2Fv2%2Fmedia&parent=509"}],"wp:term":[{"taxonomy":"project_category","embeddable":true,"href":"https:\/\/concertinowallis.ch\/index.php?rest_route=%2Fwp%2Fv2%2Fproject_category&post=509"},{"taxonomy":"project_tag","embeddable":true,"href":"https:\/\/concertinowallis.ch\/index.php?rest_route=%2Fwp%2Fv2%2Fproject_tag&post=509"}],"curies":[{"name":"wp","href":"https:\/\/api.w.org\/{rel}","templated":true}]}}