{"id":578,"date":"2024-02-06T16:34:55","date_gmt":"2024-02-06T15:34:55","guid":{"rendered":"https:\/\/concertinowallis.ch\/?post_type=project&#038;p=578"},"modified":"2024-05-29T10:23:49","modified_gmt":"2024-05-29T08:23:49","slug":"iphigenie","status":"publish","type":"project","link":"https:\/\/concertinowallis.ch\/?project=iphigenie","title":{"rendered":"Iphigenie"},"content":{"rendered":"<p>[et_pb_section fb_built=&#187;1&#8243; fullwidth=&#187;on&#187; _builder_version=&#187;4.14.8&#8243; _module_preset=&#187;default&#187; custom_margin=&#187;-37px||||false|false&#187; global_module=&#187;152&#8243; saved_tabs=&#187;all&#187; locked=&#187;on&#187; global_colors_info=&#187;{}&#187;][et_pb_fullwidth_menu _builder_version=&#187;4.16&#8243; _module_preset=&#187;default&#187; height=&#187;80px&#187; custom_margin=&#187;35px||||false|false&#187; global_colors_info=&#187;{}&#187;][\/et_pb_fullwidth_menu][\/et_pb_section][et_pb_section fb_built=&#187;1&#8243; _builder_version=&#187;4.16&#8243; _module_preset=&#187;default&#187; global_colors_info=&#187;{}&#187;][et_pb_row _builder_version=&#187;4.16&#8243; _module_preset=&#187;default&#187; global_colors_info=&#187;{}&#187;][et_pb_column type=&#187;4_4&#8243; _builder_version=&#187;4.16&#8243; _module_preset=&#187;default&#187; global_colors_info=&#187;{}&#187;][et_pb_text _builder_version=&#187;4.24.0&#8243; _module_preset=&#187;default&#187; text_font=&#187;Gilda Display|700|||||||&#187; text_font_size=&#187;20px&#187; text_letter_spacing=&#187;1px&#187; height=&#187;100px&#187; global_colors_info=&#187;{}&#187;]<\/p>\n<h1 style=\"text-align: center;\"><strong>`IPHIGENIE` 2024<\/strong><strong><\/strong><\/h1>\n<p>[\/et_pb_text][\/et_pb_column][\/et_pb_row][\/et_pb_section][et_pb_section fb_built=&#187;1&#8243; _builder_version=&#187;4.16&#8243; _module_preset=&#187;default&#187; global_colors_info=&#187;{}&#187;][et_pb_row column_structure=&#187;2_5,3_5&#8243; _builder_version=&#187;4.16&#8243; _module_preset=&#187;default&#187; min_height=&#187;242px&#187; global_colors_info=&#187;{}&#187;][et_pb_column type=&#187;2_5&#8243; _builder_version=&#187;4.16&#8243; _module_preset=&#187;default&#187; global_colors_info=&#187;{}&#187;][et_pb_image src=&#187;https:\/\/concertinowallis.ch\/wp-content\/uploads\/2024\/02\/brig-barock-plakat-web.jpeg&#187; title_text=&#187;brig-barock-plakat-web&#187; _builder_version=&#187;4.24.1&#8243; _module_preset=&#187;default&#187; global_colors_info=&#187;{}&#187;][\/et_pb_image][\/et_pb_column][et_pb_column type=&#187;3_5&#8243; _builder_version=&#187;4.16&#8243; _module_preset=&#187;default&#187; global_colors_info=&#187;{}&#187;][et_pb_text _builder_version=&#187;4.25.1&#8243; _module_preset=&#187;default&#187; custom_padding=&#187;|||1px||&#187; global_colors_info=&#187;{}&#187;]<\/p>\n<p>Im Rahmen von <strong>Brig Barock<\/strong> feiert das kammerorchester concertino 2024 sein 30-j\u00e4hriges Bestehen mit vier Freilichtauff\u00fchrungen der Oper \u201aIphig\u00e9nie en Aulide\u2019 von Christoph W. Gluck.<\/p>\n<p>Mit der szenischen Auff\u00fchrung im Hof des Stockalperschlosses in Brig erklingt die ber\u00fcckende Musik Glucks in einer einzigartigen, origin\u00e4ren Kulisse: sp\u00e4tbarocke Musik in perfekter Synthese mit barocker Baukunst.<\/p>\n<p>Ein sorgf\u00e4ltig besetztes Solistenensemble mit national und international agierenden K\u00fcnstlern garantiert f\u00fcr h\u00f6chsten stimmlichen Genuss.<\/p>\n<p>Mit dem kammerorchester concertino unter der Leitung von Paul Locher gibt ein erfahrenes Ensemble mit bestens qualifizierten Berufsmusikern und Spezialisten den orchestralen Rahmen.<\/p>\n<p><img loading=\"lazy\" decoding=\"async\" src=\"https:\/\/concertinowallis.ch\/wp-content\/uploads\/2024\/05\/concertino_o_Fuesse-1024x347.png\" width=\"1024\" height=\"347\" alt=\"\" class=\"wp-image-659 aligncenter size-large\" srcset=\"https:\/\/concertinowallis.ch\/wp-content\/uploads\/2024\/05\/concertino_o_Fuesse-980x332.png 980w, https:\/\/concertinowallis.ch\/wp-content\/uploads\/2024\/05\/concertino_o_Fuesse-480x163.png 480w\" sizes=\"(min-width: 0px) and (max-width: 480px) 480px, (min-width: 481px) and (max-width: 980px) 980px, (min-width: 981px) 1024px, 100vw\" \/><\/p>\n<p>Das bestens bekannte Vokalensemble \u2018Sierrenade\u2019 unter der Leitung von Norbert Carlen bildet den wirkungsvollen chorischen Hintergrund.<br \/><a href=\"https:\/\/sierrenade.ch\/\">sierrenade.ch\/<\/a><\/p>\n<p><img loading=\"lazy\" decoding=\"async\" src=\"https:\/\/concertinowallis.ch\/wp-content\/uploads\/2024\/05\/Bildschirmfoto-2024-05-15-um-11.36.55-300x164.png\" width=\"443\" height=\"242\" alt=\"\" class=\"wp-image-655 aligncenter size-medium\" \/><\/p>\n<p>\u201aIphigenie\u2019 2024 wird zu einem barocken Fest f\u00fcr Aug und Ohr unter Brigs sch\u00f6nstem Nachthimmel!<\/p>\n<p>[\/et_pb_text][et_pb_text _builder_version=&#187;4.25.0&#8243; _module_preset=&#187;default&#187; global_colors_info=&#187;{}&#187;]<\/p>\n<p><strong>Premiere am 30. August 2024, 20 Uhr<\/strong><\/p>\n<p>weitere Auff\u00fchrungen:<\/p>\n<p>31. August 2024, 20 Uhr<\/p>\n<p>6. September 2024, 20 Uhr<\/p>\n<p>7. September 2024, 20 Uhr<\/p>\n<p>Vorverkauf ab 1.6.2024 auf <a href=\"http:\/\/www.brigbarock.ch\">www.brigbarock.ch<\/a><\/p>\n<p>Montag, 26. August 2024, 19:30 Uhr\u00a0 Gr\u00fcnwaldsaal Brig <br \/><strong>Einf\u00fchrungsveranstaltung im Rahmen des Vortragsvereins Brig\u00a0\u00a0<\/strong><br \/>Dr. Christiane Jungius\u00a0 \u00a0 Oper im 18. Jh im Umbruch: Gluck als Reformer<\/p>\n<ol start=\"31\"><\/ol>\n<p>&nbsp;<\/p>\n<p>[\/et_pb_text][\/et_pb_column][\/et_pb_row][\/et_pb_section][et_pb_section fb_built=&#187;1&#8243; fullwidth=&#187;on&#187; _builder_version=&#187;4.16&#8243; _module_preset=&#187;default&#187; background_image=&#187;http:\/\/concertinowallis.ch\/wp-content\/uploads\/2022\/02\/231616-DSC_9098-scaled.jpg&#187; parallax=&#187;on&#187; parallax_method=&#187;off&#187; height=&#187;450px&#187; global_colors_info=&#187;{}&#187;][\/et_pb_section][et_pb_section fb_built=&#187;1&#8243; _builder_version=&#187;4.16&#8243; _module_preset=&#187;default&#187; height=&#187;100px&#187; global_colors_info=&#187;{}&#187;][et_pb_row _builder_version=&#187;4.16&#8243; _module_preset=&#187;default&#187; global_colors_info=&#187;{}&#187;][et_pb_column type=&#187;4_4&#8243; _builder_version=&#187;4.16&#8243; _module_preset=&#187;default&#187; global_colors_info=&#187;{}&#187;][et_pb_text _builder_version=&#187;4.16&#8243; _module_preset=&#187;default&#187; text_font=&#187;Gilda Display|700|||||||&#187; text_font_size=&#187;20px&#187; text_letter_spacing=&#187;1px&#187; global_colors_info=&#187;{}&#187;]<\/p>\n<p style=\"text-align: center;\"><strong>BESETZUNG<\/strong><\/p>\n<p>[\/et_pb_text][\/et_pb_column][\/et_pb_row][\/et_pb_section][et_pb_section fb_built=&#187;1&#8243; _builder_version=&#187;4.16&#8243; _module_preset=&#187;default&#187; global_colors_info=&#187;{}&#187;][et_pb_row column_structure=&#187;1_3,2_3&#8243; _builder_version=&#187;4.24.0&#8243; _module_preset=&#187;default&#187; custom_padding=&#187;||50px|||&#187; global_colors_info=&#187;{}&#187;][et_pb_column type=&#187;1_3&#8243; _builder_version=&#187;4.16&#8243; _module_preset=&#187;default&#187; global_colors_info=&#187;{}&#187;][et_pb_text _builder_version=&#187;4.25.1&#8243; _module_preset=&#187;default&#187; global_colors_info=&#187;{}&#187;]<\/p>\n<p><img loading=\"lazy\" decoding=\"async\" src=\"https:\/\/concertinowallis.ch\/wp-content\/uploads\/2024\/05\/Danielle-Liniger-200x300.jpeg\" width=\"200\" height=\"300\" alt=\"\" class=\"wp-image-670 aligncenter size-medium\" \/><\/p>\n<p>[\/et_pb_text][\/et_pb_column][et_pb_column type=&#187;2_3&#8243; _builder_version=&#187;4.16&#8243; _module_preset=&#187;default&#187; global_colors_info=&#187;{}&#187;][et_pb_text _builder_version=&#187;4.25.1&#8243; _module_preset=&#187;default&#187; global_colors_info=&#187;{}&#187;]<\/p>\n<p><strong>Marysol Schalit<\/strong>, Sopran\u00a0 (Iphigenie)<\/p>\n<p>Marysol Schalit absolvierte ihr Gesangsstudium an der HKB Biel\/Bern bei M. Kohler und schloss ihr Konzert-\/Solisten- und Operndiplom mit Auszeichnungen ab. Sie ist u.a. Preistr\u00e4gerin des Migros-Kulturprozent Studienpreises, der Friedl Wald- und Kiefer Hablitzel Stiftung, des J. Sim\u00e1ndy und A. Rothenberger Wettbewerbs.<br \/>Von 2010-2022 war sie festes Ensemblemitglied am Theater Bremen und feierte da grosse Erfolge, u.a. in Mozartpartien wie Pamina, Ilia, Susanna, auch als Gilda (Rigoletto) und den Titelpartien Alcina und Lulu.<br \/>Weiter wurde sie mit dem Bremer Publikumspreis \u00abSilberner Roland\u00bb und mit dem \u00abKurt-H\u00fcbner-Preis\u00bb f\u00fcr ihre herausragenden k\u00fcnstlerischen Leistungen ausgezeichnet.<br \/>Gastengagements als Musica, Speranza, Ninfa (Monteverdi) f\u00fchrten sie ans Teatro Arriaga\/Bilbao, als Gretel an die Op\u00e9ra national de Lorraine in Nancy, als Pamina, Angelica (H\u00e4ndel) und Vitellia (Mozart) ans Theater Osnabr\u00fcck.<br \/>Seit 2022\/23 ist sie als freischaffende S\u00e4ngerin unterwegs, gastiert weiter am Theater Bremen, deb\u00fctierte als Gilda in Rigoletto am Theater Bonn und singt Anne Truelove (Stravinsky) am Stadttheater Biel.<br \/>2025 wird sie in der Produktion \u201eVilla Orlofsky\u201c am Volkstheater Wien debu\u0308tieren.<br \/>Konzerte, Liederabende mit einem Repertoire vom Barock bis ins zeitgen\u00f6ssische Repertoire f\u00fchren sie durch ganz Europa, China und die Schweiz.<\/p>\n<p><span><a href=\"https:\/\/www.marysolschalit.com\/\">https:\/\/www.marysolschalit.com\/<\/a><\/span><\/p>\n<p>[\/et_pb_text][\/et_pb_column][\/et_pb_row][et_pb_row column_structure=&#187;1_3,2_3&#8243; _builder_version=&#187;4.24.0&#8243; _module_preset=&#187;default&#187; global_colors_info=&#187;{}&#187;][et_pb_column type=&#187;1_3&#8243; _builder_version=&#187;4.24.0&#8243; _module_preset=&#187;default&#187; global_colors_info=&#187;{}&#187;][et_pb_image src=&#187;https:\/\/concertinowallis.ch\/wp-content\/uploads\/2024\/02\/Bildschirmfoto-2024-02-08-um-08.56.05.png&#187; title_text=&#187;Bildschirmfoto 2024-02-08 um 08.56.05&#8243; _builder_version=&#187;4.24.0&#8243; _module_preset=&#187;default&#187; custom_padding=&#187;|8px||||&#187; global_colors_info=&#187;{}&#187;][\/et_pb_image][\/et_pb_column][et_pb_column type=&#187;2_3&#8243; _builder_version=&#187;4.24.0&#8243; _module_preset=&#187;default&#187; global_colors_info=&#187;{}&#187;][et_pb_text _builder_version=&#187;4.24.0&#8243; _module_preset=&#187;default&#187; global_colors_info=&#187;{}&#187;]<\/p>\n<p><strong>Alik Abdukayumov<\/strong>, Bariton (Agamemnon)<\/p>\n<p>Gastengagements f\u00fchrten den Bariton auch an die Staatsoper Budapest als PAOLO in Simone Boccanegra, FORD in Falstaff, LEPORELLO in Don Giovanni und MARCELLO in la Boheme. Den MARCELLO sang er zudem an der Op\u00e9ra de Montpellier. Als KOTHNER, GEISTERBOTE (Frau ohne Schatten), LEPORELLO und FIGARO war er an der Oper Graz erfolgreich. Den FIGARO sang er zudem an der Staatsoper Stuttgart. Als LEPORELLO re\u00fcssierte er auch bei den Eutiner Festspielen und an der Staatsoper Hamburg.<br \/>In Chemnitz und an der Oper Leipzig verk\u00f6rperte er den ENRICO in Lucia und in Leipzig auch den SILVIO in I Pagliacci. Regelm\u00e4\u00dfig war der Bariton zuletzt auch als Gast an der Volksoper Wien und hier in Rollen wie dem F\u00dcRST IGOR, PETER BESENBINDER, MICHELE (Il Tabarro), TONIO (I Pagliacci ), GIORGIO GERMONT, FRANZ i(I masnadieri) oder ESCAMILLO zu erleben.<\/p>\n<p>Alik studierte Philologie an der Nationalen Universit\u00e4t von Usbekistan, an der er in Germanistik promovierte. Parallel zu diesen Studien, besuchte er die Usbekische Musikakademie und war Mitglied des Staatlichen Akademischen Opern- und Balletttheaters hier. In der Folge gewann der junge S\u00e4nger bei mehr als zehn nationalen sowie internationalen Gesangswettbewerben 1.und 2. Preise und zus\u00e4tzliche Spezialpreise \u2013 Auszeichnungen f\u00fcr eine Stimme von besonderer Qualit\u00e4t.<\/p>\n<p><strong><\/p>\n<p><\/strong><\/p>\n<p>[\/et_pb_text][\/et_pb_column][\/et_pb_row][\/et_pb_section][et_pb_section fb_built=&#187;1&#8243; _builder_version=&#187;4.16&#8243; _module_preset=&#187;default&#187; global_colors_info=&#187;{}&#187;][et_pb_row column_structure=&#187;1_3,2_3&#8243; _builder_version=&#187;4.24.0&#8243; _module_preset=&#187;default&#187; global_colors_info=&#187;{}&#187;][et_pb_column type=&#187;1_3&#8243; _builder_version=&#187;4.16&#8243; _module_preset=&#187;default&#187; global_colors_info=&#187;{}&#187;][et_pb_image src=&#187;https:\/\/concertinowallis.ch\/wp-content\/uploads\/2024\/02\/IMG_4306-copie-2-scaled.jpg&#187; title_text=&#187;IMG_4306 copie 2&#8243; _builder_version=&#187;4.24.0&#8243; _module_preset=&#187;default&#187; min_height=&#187;342.3px&#187; custom_margin=&#187;|29px|-130px|||&#187; custom_padding=&#187;|3px||7px||&#187; global_colors_info=&#187;{}&#187;][\/et_pb_image][\/et_pb_column][et_pb_column type=&#187;2_3&#8243; _builder_version=&#187;4.16&#8243; _module_preset=&#187;default&#187; global_colors_info=&#187;{}&#187;][et_pb_text _builder_version=&#187;4.24.2&#8243; _module_preset=&#187;default&#187; global_colors_info=&#187;{}&#187;]<\/p>\n<p><strong>Johanna Brault<\/strong>, Mezzosopran (Clytemnestre)<\/p>\n<p>Die franz\u00f6sische Mezzosopranistin schloss mit 19 ein Bachelor in Moderner Literatur an der Universit\u00e9-Jean Jaur\u00e8s von Toulouse ab und begann daraufhin ihre Gesangsausbildung am Conservatoire National Sup\u00e9rieur de Paris. Ihr Masterstudium in Oper und Darstellender Kunst schloss sie an der Universit\u00e4t f\u00fcr Musik und Darstellende Kunst Wien ab, sowie ein Meisterklassestudium in der Hochschule f\u00fcr Musik Leipzig.<\/p>\n<p>Als Ensemblemitglied des Theaters Plauen-Zwickau sang sie \u00fcber f\u00fcnf Spielzeiten wichtige Partien ihres Fachs, darunter Carmen, Olga, Marthe, Boulotte, Federica, Amneris, Cherubino, Ernesto, Dritte Dame, Petra und sammelte im Konzertfach solistische Erfahrungen mit u.a. Mahlers \u00abLieder eines fahrenden Gesellen\u00bb, Wagners \u00abWesendonck-Lieder\u00bb und Berlioz \u00abLes Nuits d\u2019\u00e9t\u00e9\u00bb.<\/p>\n<p>Sie verk\u00f6rperte die Titelrolle der Carmen in der Wuppertaler Oper und bei den Schlossfestspiele Wernigerode.<\/p>\n<p>Als Gastsolistin musizierte sie u.a. mit den Dresdner Philharmonikern, mit dem Philharmonischen Orchester der Oper Kiew, mit dem Orchester der Op\u00e9ra de Toulon und mit der Robert-Schumann-Philharmonie.\u00a0<\/p>\n<p>Diese Spielzeit deb\u00fctiert sie als Magd in Elektra am Staatstheater Darmstadt und sang mit der Mary im \u00abFliegenden Holl\u00e4nder\u00bb am Gerhart-Hauptmann-Theater ihre erste Wagner-Partie.\u00a0<\/p>\n<p>\u00a0Sie ist Preistr\u00e4gerin der internationalen Wettbewerbe \u00abSpazio Musica\u00bb im Jahr 2016 und \u00abMartinelli-Pertile\u00bb 2013. Sie war 2015 Stipendiatin der Verbier-Festival-Academy, 2020 Stipendiatin des Collegium Musicum Mainz und 2022 Richard-Wagner-StipendiatinIm Sommer 2023 wurde Sie zum Wagner-Meisterkurs der Bayreuther Festspielen eingeladen.<\/p>\n<p>https:\/\/www.johannabrault.net\/<\/p>\n<p>[\/et_pb_text][\/et_pb_column][\/et_pb_row][\/et_pb_section][et_pb_section fb_built=&#187;1&#8243; _builder_version=&#187;4.16&#8243; _module_preset=&#187;default&#187; global_colors_info=&#187;{}&#187;][\/et_pb_section][et_pb_section fb_built=&#187;1&#8243; _builder_version=&#187;4.16&#8243; _module_preset=&#187;default&#187; min_height=&#187;615.7px&#187; global_colors_info=&#187;{}&#187;][et_pb_row column_structure=&#187;1_3,2_3&#8243; _builder_version=&#187;4.24.0&#8243; _module_preset=&#187;default&#187; min_height=&#187;498.2px&#187; custom_padding=&#187;||27px|||&#187; global_colors_info=&#187;{}&#187;][et_pb_column type=&#187;1_3&#8243; _builder_version=&#187;4.16&#8243; _module_preset=&#187;default&#187; global_colors_info=&#187;{}&#187;][et_pb_image src=&#187;https:\/\/concertinowallis.ch\/wp-content\/uploads\/2024\/04\/Max_db-19-2-scaled.jpg&#187; title_text=&#187;Max_db-19 2&#8243; _builder_version=&#187;4.25.0&#8243; _module_preset=&#187;default&#187; custom_margin=&#187;||32px|||&#187; global_colors_info=&#187;{}&#187;][\/et_pb_image][\/et_pb_column][et_pb_column type=&#187;2_3&#8243; _builder_version=&#187;4.16&#8243; _module_preset=&#187;default&#187; global_colors_info=&#187;{}&#187;][et_pb_text _builder_version=&#187;4.25.0&#8243; _module_preset=&#187;default&#187; min_height=&#187;133.8px&#187; global_colors_info=&#187;{}&#187;]<\/p>\n<p><strong>Maximilian Vogler, <\/strong>Tenor (Achille)<\/p>\n<p>Maximilian Vogler wurde in Konstanz geboren und studierte bei Gerhild Romberger an der Hochschule f\u00fcr Musik in Detmold und bei Werner Gu\u0308ra an der Hochschule der K\u00fcnste in Zu\u0308rich. Meisterkurse bei Ingeborg Danz, Margreet Honig, Ann Murray, Robert Holl, Julius Drake, Graham Johnson und Malcolm Martineau erg\u00e4nzten seine Ausbildung. Aktuell wird der junge Tenor von John Norris, Sami Kustaloglu und Andrew Owens stimmlich betreut. <br \/>In Hochschulproduktionen sang er unter anderem Monostatos in der <em>Zauberflo<\/em><em>\u0308<\/em><em>te<\/em>, Triquet in <em>Eugen Onegin<\/em>, Lyonel in Flotows <em>Martha <\/em>und Belmonte in Mozarts <em>Entfu<\/em><em>\u0308<\/em><em>hrung aus dem Serail. <\/em><br \/>Sein professionelles B\u00fchnendebu\u0308t gab Maximilian Vogler 2023 an der Staatsoper Stuttgart in Ulrich Rasches Inszenierung von Bachs <em>Johannes-Passion<\/em>, die von Diego Fasolis dirigiert wurde. Im Sommer 2023 war er in der Inszenierung von Georg Quander und unter der musikalischen Leitung von Bernhard Forck in Giovanni Paisiellos <em>La Molinara <\/em>bei der Kammeroper Schloss Rheinsberg zu erleben. Bei den Osterfestspielen 2024 gastierte er in der Partie des Achille in Glucks <em>Iphige\u0301nie en Aulide <\/em>an der Seite von Vivica Genaux und Dietrich Hentschel erneut auf Schloss Rheinsberg.<br \/>Maximilian Vogler ist ein gefragter Konzertsolist, der mit renommierten Ensembles und Dirigenten die Tenorsoli in zentralen Werken unter anderem von Monteverdi, Bach, H\u00e4ndel, Mozart und Mendelssohn singt und au\u00dferdem \u00fcber ein gro\u00dfes Liedrepertoire verf\u00fcgt. Konzertengagements f\u00fchrten unter anderem zur Zusammenarbeit mit der Deutschen Kammerphilharmonie Bremen, der Akademie fu\u0308r Alte Musik Berlin, dem Rundfunksinfonieorchester Berlin, der S\u00fcdwestdeutschen Philharmonie, der lautten compagney Berlin, La Scintilla Zu\u0308rich, La Banda Augsburg, Gli Angeli Gene\u0300ve und dem Ensemble L\u2019arpa festante. Eine enge Verbindung besteht zum Origen Festival Cultural in der Schweiz, wo er regelma\u0308\u00dfig Programme kuratiert und auffu\u0308hrt. Zu seinen CD-Enspielungen geho\u0308ren die Tenorarien in Bachs <em>Johannes-Passion <\/em>mit Gli Angeli Gene\u0300ve sowie die 2024 erschienene Aufnahme von Louis Spohrs <em>Des Heilands letzte Stunden <\/em>mit dem Kammerchor Stuttgart und der Deutschen Kammerphilharmonie Bremen unter Frieder Bernius, in der er als Jesus zu h\u00f6ren ist. Maximilian Vogler ist Preistra\u0308ger des 32. Gesangswettbewerbs Kammeroper Schloss Rheinsberg, und erhielt den F\u00f6rderpreis der Stadt Konstanz. Er war Stipendiat des Richard-Wagner-Verbands Konstanz und wurde in der Schweiz durch die Stiftung Lyra und der Marianne und Curt Dienemann Stiftung gef\u00f6rdert.<\/p>\n<p>&nbsp;<\/p>\n<p>[\/et_pb_text][\/et_pb_column][\/et_pb_row][\/et_pb_section][et_pb_section fb_built=&#187;1&#8243; _builder_version=&#187;4.16&#8243; _module_preset=&#187;default&#187; custom_padding=&#187;3px|||||&#187; global_colors_info=&#187;{}&#187;][et_pb_row column_structure=&#187;1_3,2_3&#8243; _builder_version=&#187;4.24.2&#8243; _module_preset=&#187;default&#187; min_height=&#187;368.6px&#187; custom_padding=&#187;0px|||||&#187; global_colors_info=&#187;{}&#187;][et_pb_column type=&#187;1_3&#8243; _builder_version=&#187;4.24.2&#8243; _module_preset=&#187;default&#187; global_colors_info=&#187;{}&#187;][et_pb_image src=&#187;https:\/\/concertinowallis.ch\/wp-content\/uploads\/2024\/02\/IMG_8333.jpg&#187; title_text=&#187;IMG_8333&#8243; _builder_version=&#187;4.24.2&#8243; _module_preset=&#187;default&#187; global_colors_info=&#187;{}&#187;][\/et_pb_image][\/et_pb_column][et_pb_column type=&#187;2_3&#8243; _builder_version=&#187;4.24.2&#8243; _module_preset=&#187;default&#187; global_colors_info=&#187;{}&#187;][et_pb_text _builder_version=&#187;4.24.2&#8243; _module_preset=&#187;default&#187; global_colors_info=&#187;{}&#187;]<\/p>\n<p><strong>Loredana Catalano, <\/strong>Sopran (Diana)<\/p>\n<p>Die junge und aufstrebende Briger Sopranistin hat das Wallis seit klein auf mit ihrer Stimme beehrt (Singschule Cantiamo, Oberwalliser Vokalensemble). Sie hat bereits zahlreiche Erfahrungen in Projekten als Solistin gesammelt wie zum Beispiel im \u201e13 Sternbilder aus dem Wallis\u201c Opernprojekt oder den BrigerMusikN\u00e4chten 2018 unter der Leitung von Hansruedi K\u00e4mpfen und Armin Renggli, auch war sie Solistin mit dem Kammerorchester \u201eConcertino\u201c unter der Leitung von Paul Locher im Chorwerk \u201eJubilate Deo\u201c von Dan Forrest. Sie liess sich weiterbilden bei Gesangsgr\u00f6ssen wie Rachel Harnisch, Lubica Orgonasova und studierte intensiv bei KS Prof. Regina Werner-Dietrich in Leipzig. 2021 schloss sie ihren Master Performance an der Haute Ecole de Musique de Gen\u00e8ve mit Bestnote ab und 2023 ihren P\u00e4dagogik Master. Aktuell bildet sie sich bei Donata D\u2019Annunzio Lombardi im dramatischen Fach in Rom weiter. Im November 2024 wird sie in der Hauptrolle der Santuzza, in der Cavalleria Rusticana von Mascagni in Lausanne deb\u00fctieren.<\/p>\n<p>[\/et_pb_text][\/et_pb_column][\/et_pb_row][et_pb_row column_structure=&#187;1_3,2_3&#8243; _builder_version=&#187;4.24.2&#8243; _module_preset=&#187;default&#187; global_colors_info=&#187;{}&#187;][et_pb_column type=&#187;1_3&#8243; _builder_version=&#187;4.24.2&#8243; _module_preset=&#187;default&#187; global_colors_info=&#187;{}&#187;][et_pb_image src=&#187;https:\/\/concertinowallis.ch\/wp-content\/uploads\/2024\/03\/elz-8826-scaled.jpg&#187; title_text=&#187;elz-8826&#8243; _builder_version=&#187;4.24.2&#8243; _module_preset=&#187;default&#187; global_colors_info=&#187;{}&#187;][\/et_pb_image][\/et_pb_column][et_pb_column type=&#187;2_3&#8243; _builder_version=&#187;4.24.2&#8243; _module_preset=&#187;default&#187; global_colors_info=&#187;{}&#187;][et_pb_text _builder_version=&#187;4.24.2&#8243; _module_preset=&#187;default&#187; global_colors_info=&#187;{}&#187;]<\/p>\n<p><strong>Manuel Pollinger<\/strong>, Bass (Calchas)<br \/>begann 2016 sein Gesangstudium an der Haute Ecole de Musique de Gene\u0300ve. Dort durfte er in Hochschulproduktionen bereits Solopartien u\u0308bernehmen wie in Campra\u2019s \u201eLes fe\u0302tes ve\u0301nitiennes\u201c, in Porters \u201eKiss me Kate\u201c, Maurice Ravels \u201eL\u2019enfant et les sortile\u0300ges\u201c oder eine Hauptrolle in John Kanders \u201eCabaret\u201c. Ab 2019 studierte er an der Musikhochschule Freiburg i.B., wo er seinen Opernmaster im Sommer 2023 bei der Mezzosopranistin Mareike Morr absolvierte. Bisherige Ho\u0308hepunkte seiner Laufbahn waren unter anderem die Solopartie in Igor Stravinskys selten aufgefu\u0308hrter Konzertkantate \u201eThreni\u201c in der Victoria Hall in Genf im Ma\u0308rz 2020, Sarastro in der Zauberflo\u0308te in Lausanne 2021, die Solopartie im Requiem von Mozart in Bern 2021, Jesus in der Mattha\u0308uspassion in Sion 2022. Als Abschluss seines Opernmasters sang er im Januar 2023 die Hauptrolle im Wildschu\u0308tz von Albert Lortzing, im Mai 2023 am Theater Brandenburg drei Bo\u0308sewichte in Stillhang von Christian Spitzensta\u0308tter und im Sommer 2023 folgte dann am Tojo-Theater in Bern die Rolle des Todes im \u201eKaiser von Atlantis\u201c von Viktor Ullmann. Im November 2023 sang er das Bass-Solo im Requiem von Faure\u0301 mit dem Oberwalliser Vokalensemble und im Januar 2024 folgte die Rolle des Procolo mit dem Opernkollektiv Zu\u0308rich in Donizettis \u201eViva la mamma\u201c. Im Ma\u0308rz 2024 wird er die Solopartie in Jommellis Requiem im Jura u\u0308bernehmen und im Sommer 2024 Calchas in \u201aIphige\u0301nie en Aulide\u2019 im Stockalperschloss in Brig.<\/p>\n<p>[\/et_pb_text][\/et_pb_column][\/et_pb_row][\/et_pb_section][et_pb_section fb_built=&#187;1&#8243; fullwidth=&#187;on&#187; _builder_version=&#187;4.16&#8243; _module_preset=&#187;default&#187; background_image=&#187;http:\/\/concertinowallis.ch\/wp-content\/uploads\/2022\/02\/231616-DSC_9098-scaled.jpg&#187; parallax=&#187;on&#187; parallax_method=&#187;off&#187; height=&#187;450px&#187; global_colors_info=&#187;{}&#187;][\/et_pb_section][et_pb_section fb_built=&#187;1&#8243; _builder_version=&#187;4.16&#8243; _module_preset=&#187;default&#187; global_colors_info=&#187;{}&#187;][et_pb_row _builder_version=&#187;4.16&#8243; _module_preset=&#187;default&#187; min_height=&#187;100px&#187; custom_padding=&#187;36px||44px|||&#187; global_colors_info=&#187;{}&#187;][et_pb_column type=&#187;4_4&#8243; _builder_version=&#187;4.16&#8243; _module_preset=&#187;default&#187; global_colors_info=&#187;{}&#187;][et_pb_text _builder_version=&#187;4.16&#8243; _module_preset=&#187;default&#187; text_font=&#187;Gilda Display|700|||||||&#187; text_font_size=&#187;20px&#187; text_letter_spacing=&#187;1px&#187; custom_padding=&#187;6px||9px|||&#187; global_colors_info=&#187;{}&#187;]<\/p>\n<p style=\"text-align: center;\"><strong>REGIE<\/strong><\/p>\n<p>[\/et_pb_text][\/et_pb_column][\/et_pb_row][et_pb_row column_structure=&#187;1_3,2_3&#8243; _builder_version=&#187;4.16&#8243; _module_preset=&#187;default&#187; global_colors_info=&#187;{}&#187;][et_pb_column type=&#187;1_3&#8243; _builder_version=&#187;4.16&#8243; _module_preset=&#187;default&#187; global_colors_info=&#187;{}&#187;][et_pb_text _builder_version=&#187;4.16&#8243; _module_preset=&#187;default&#187; global_colors_info=&#187;{}&#187;]<\/p>\n<p>&nbsp;<\/p>\n<p><img loading=\"lazy\" decoding=\"async\" src=\"https:\/\/concertinowallis.ch\/wp-content\/uploads\/2022\/02\/RosarA-768x756-1.jpg\" width=\"371\" height=\"365\" alt=\"\" class=\"wp-image-214 alignnone size-full\" style=\"float: right;\" \/><\/p>\n<p>[\/et_pb_text][\/et_pb_column][et_pb_column type=&#187;2_3&#8243; _builder_version=&#187;4.16&#8243; _module_preset=&#187;default&#187; global_colors_info=&#187;{}&#187;][et_pb_text _builder_version=&#187;4.25.1&#8243; _module_preset=&#187;default&#187; global_colors_info=&#187;{}&#187;]<\/p>\n<p>&nbsp;<\/p>\n<p><strong><span>ANDREAS\u00a0ROSAR<\/span><\/strong><\/p>\n<p><span>Andreas Rosar kehrt nach Georg Friedrich H\u00e4ndels\u00a0<em>\u00abAlcina\u00bb<\/em>\u00a02013 und<em>\u00a0\u00abRinaldo\u00bb<\/em>\u00a02018 nun f\u00fcr die Inszenierung von Christoph Willibald Glucks <em>\u00abIphig\u00e9nie en Aulide\u00bb<\/em> nach Brig zur\u00fcck. <\/span><\/p>\n<p><span>Seit seinem Regiedebut 2010 mit der Schweizer Erstauff\u00fchrung von Georg Friedrich H\u00e4ndels <em>\u00abEzio\u00bb <\/em>am Theater Biel Solothurn hat er sich ein breites Repertoire vom Barock bis in die Gegenwart an Theatern und Festivals in der Schweiz, in Deutschland und Ungarn erarbeiten k\u00f6nnen. <\/span><span><\/span><\/p>\n<p>Am Theater Biel Solothurn, dem er w\u00e4hrend mehrerer Spielzeiten fest verbunden war, brachte er neben Tchaikovskys <em>\u00abEvgeny Onegin\u00bb <\/em>und seiner Debutinszenierung auch Josef Myslive\u010deks <em>\u00abAntigona\u00bb <\/em>als Schweizer Erstauff\u00fchrung auf die B\u00fchne.<\/p>\n<p>Diese gastierte im Rahmen des ARMEL Opera Festivals mit gro\u00dfem Erfolg am Ungarischen Nationaltheater Szeged. Die Produktion wurde mit dem ARTE France Audience Award als beste Produktion des Festivals 2011 ausgezeichnet und erhielt zudem eine Nominierung im Jahrbuch der <em>\u00abOpernwelt\u00bb<\/em>.<\/p>\n<p>Bereits w\u00e4hrend seiner Studien der Theologie, Philosophie und Germanistik in Mainz und Rom wandte sich Andreas Rosar dem Theater zu. Er assistierte in der Folge Regisseuren wie Frank Castorf, Peter Konwitschny, Barrie Kosky, Denis Krief, Wolfram Mehring, Hans Neuenfels, Thomas Schulte-Michels, Beat Wyrsch und anderen.<\/p>\n<p>An der LMU M\u00fcnchen absolvierte er die Weiterbildung Theater- und Musikmanagement.<\/p>\n<p>Engagements als Regieassistent und Spielleiter f\u00fchrten den geb\u00fcrtigen Saarl\u00e4nder unter anderem ans Saarl\u00e4ndische Staatstheater, an die Bayerische Staatsoper und das Bergen Festival in Norwegen.<\/p>\n<p>Eine langj\u00e4hrige Zusammenarbeit verbindet ihn mit den Bayreuther Festspielen, bei denen er seit 2009 an <em>\u00abTristan und Isolde\u00bb <\/em>(Marthaler), <em>\u00abLohengrin\u00bb <\/em>(Neuenfels), <em>\u00abDer Ring des Nibelungen\u00bb <\/em>(Castorf) und <em>\u00abDie Meistersinger von N\u00fcrnberg\u00bb <\/em>(Kosky) als Spielleiter mitgewirkt hat. Aktuell betreut er dort Dmitri Tcherniakovs Inszenierung von <em>\u00abDer fliegende Holl\u00e4nder\u00bb<\/em>.<\/p>\n<p>In den vergangenen Spielzeiten hat er unter anderem Werke von H\u00e4ndel, Mozart, Cimarosa, Offenbach, Verdi, Wagner und Johann Strauss an den Theatern in Dortmund, M\u00fcnster, Trier, Plauen-Zwickau, G\u00f6rlitz und Annaberg-Buchholz erarbeitet.<\/p>\n<p>Zu seinen j\u00fcngeren Arbeiten z\u00e4hlen an der Oper Dortmund die Konzeption und Inszenierung eines Barockpasticcios unter dem Titel <em>\u00abSehnsucht\u00bb<\/em>, Johann Strauss\u2018 <em>\u00abDie Fledermaus\u00bb<\/em> am Erzgebirgischen Theater Annaberg-Buchholz sowie zuletzt Richard Wagners <em>\u00abDer fliegende Holl\u00e4nder\u00bb<\/em> am Gerhart-Hauptmann-Theater in G\u00f6rlitz.<\/p>\n<p>In der kommenden Spielzeit steht unter anderem Mozarts <em>\u00abDon Giovanni\u00bb<\/em> auf dem Programm. \u200e<\/p>\n<p><span>www.andreasrosar.eu<\/span><\/p>\n<p><span>\u00a0<\/span><\/p>\n<p>[\/et_pb_text][\/et_pb_column][\/et_pb_row][\/et_pb_section][et_pb_section fb_built=&#187;1&#8243; _builder_version=&#187;4.16&#8243; _module_preset=&#187;default&#187; global_colors_info=&#187;{}&#187;][et_pb_row column_structure=&#187;1_3,2_3&#8243; _builder_version=&#187;4.25.1&#8243; _module_preset=&#187;default&#187; global_colors_info=&#187;{}&#187;][et_pb_column type=&#187;1_3&#8243; _builder_version=&#187;4.25.1&#8243; _module_preset=&#187;default&#187; global_colors_info=&#187;{}&#187;][et_pb_image src=&#187;https:\/\/concertinowallis.ch\/wp-content\/uploads\/2024\/05\/Paul_Locher-scaled.jpg&#187; title_text=&#187;Paul_Locher&#187; _builder_version=&#187;4.25.1&#8243; _module_preset=&#187;default&#187; width=&#187;100%&#187; min_height=&#187;245.1px&#187; custom_margin=&#187;40px|-11px|40px||true|&#187; global_colors_info=&#187;{}&#187;][\/et_pb_image][\/et_pb_column][et_pb_column type=&#187;2_3&#8243; _builder_version=&#187;4.25.1&#8243; _module_preset=&#187;default&#187; global_colors_info=&#187;{}&#187;][et_pb_text _builder_version=&#187;4.25.1&#8243; _module_preset=&#187;default&#187; text_font=&#187;Gilda Display|700|||||||&#187; text_font_size=&#187;20px&#187; text_letter_spacing=&#187;1px&#187; custom_padding=&#187;0px||0px|||&#187; global_colors_info=&#187;{}&#187;]<\/p>\n<p style=\"text-align: center;\"><strong>MUSIKALISCHE LEITUNG<\/strong><\/p>\n<p>[\/et_pb_text][et_pb_text _builder_version=&#187;4.25.1&#8243; _module_preset=&#187;default&#187; global_colors_info=&#187;{}&#187;]<\/p>\n<p><strong><span>PAUL LOCHER<\/span><\/strong><\/p>\n<p>Nach der Matura am Kollegium Brig Ausbildung (Violine und Dirigieren) in Bern und Rotterdam bei U. Lehmann, J. J. Kantorow, D. Van Wely, R. Tschupp und M. Venzago. Konzertdiplom f\u00fcr Violine. Studienpreise J\u00fcrg-Stucky- und Lukas-Emch-Stiftung, ein F\u00f6rderstipendium des Niederl\u00e4ndischen Kulturministeriums erm\u00f6glicht ihm ein Weiterstudium an der Musikhochschule Rotterdam in der Meisterklasse von J.J. Kantorow.<\/p>\n<p>Studium der Musikwissenschaft an der Universit\u00e4t Bern. Gymnasiallehrerdiplom f\u00fcr Musik (HLA).<br \/>W\u00e4hrend mehreren Jahren unterrichtet er am Konservatorium Bern. Daneben wertvolle Konzerterfahrungen als Orchestermusiker ua. im Orchestre Philharmonique Suisse, mit dem er\u00a0 an allen wichtigen Festivals der Schweiz (Lucerne Festival, Davos, Gstaad, Montreux Festival) auftritt. Konzertmeister und Solist des Schweizer Jugendsinfonieorchesters, sp\u00e4ter w\u00e4hrend mehreren Jahren Konzertmeister des Orchestre de Chambre du Valais und Mitglied des Festivalorchesters Ernen.<br \/>Er ist Gr\u00fcnder und Leiter des concertino kammerorchesters<br \/>Leiter des Orchesters der Konzertgesellschaft Oberwallis seit 1995.\u2028 Musikalischer Leiter der Konzertgesellschaft Oberwallis zusammen mit Melanie Veser (Chorleiterin).<\/p>\n<p>[\/et_pb_text][\/et_pb_column][\/et_pb_row][et_pb_row column_structure=&#187;1_4,1_4,1_4,1_4&#8243; _builder_version=&#187;4.25.1&#8243; _module_preset=&#187;default&#187; global_colors_info=&#187;{}&#187;][et_pb_column type=&#187;1_4&#8243; _builder_version=&#187;4.25.1&#8243; _module_preset=&#187;default&#187; global_colors_info=&#187;{}&#187;][et_pb_image src=&#187;https:\/\/concertinowallis.ch\/wp-content\/uploads\/2024\/05\/loterie-romande-logo.png&#187; _builder_version=&#187;4.25.1&#8243; _module_preset=&#187;default&#187; hover_enabled=&#187;0&#8243; sticky_enabled=&#187;0&#8243;][\/et_pb_image][\/et_pb_column][et_pb_column type=&#187;1_4&#8243; _builder_version=&#187;4.25.1&#8243; _module_preset=&#187;default&#187; global_colors_info=&#187;{}&#187;][et_pb_image src=&#187;https:\/\/concertinowallis.ch\/wp-content\/uploads\/2024\/05\/brig-alpenstadt-logo.png&#187; _builder_version=&#187;4.25.1&#8243; _module_preset=&#187;default&#187; hover_enabled=&#187;0&#8243; sticky_enabled=&#187;0&#8243;][\/et_pb_image][\/et_pb_column][et_pb_column type=&#187;1_4&#8243; _builder_version=&#187;4.25.1&#8243; _module_preset=&#187;default&#187; global_colors_info=&#187;{}&#187;][et_pb_image src=&#187;https:\/\/concertinowallis.ch\/wp-content\/uploads\/2024\/05\/brig-glis-kulturkommission-logo.png&#187; _builder_version=&#187;4.25.1&#8243; _module_preset=&#187;default&#187; hover_enabled=&#187;0&#8243; sticky_enabled=&#187;0&#8243;][\/et_pb_image][\/et_pb_column][et_pb_column type=&#187;1_4&#8243; _builder_version=&#187;4.25.1&#8243; _module_preset=&#187;default&#187; global_colors_info=&#187;{}&#187;][et_pb_image src=&#187;https:\/\/concertinowallis.ch\/wp-content\/uploads\/2024\/05\/kulturfoerderung.png&#187; _builder_version=&#187;4.25.1&#8243; _module_preset=&#187;default&#187; hover_enabled=&#187;0&#8243; sticky_enabled=&#187;0&#8243;][\/et_pb_image][\/et_pb_column][\/et_pb_row][et_pb_row column_structure=&#187;1_4,1_4,1_4,1_4&#8243; _builder_version=&#187;4.25.1&#8243; _module_preset=&#187;default&#187; global_colors_info=&#187;{}&#187;][et_pb_column type=&#187;1_4&#8243; _builder_version=&#187;4.25.1&#8243; _module_preset=&#187;default&#187; global_colors_info=&#187;{}&#187;][et_pb_image src=&#187;https:\/\/concertinowallis.ch\/wp-content\/uploads\/2024\/05\/raiffeisen-logo.png&#187; _builder_version=&#187;4.25.1&#8243; _module_preset=&#187;default&#187; hover_enabled=&#187;0&#8243; sticky_enabled=&#187;0&#8243;][\/et_pb_image][\/et_pb_column][et_pb_column type=&#187;1_4&#8243; _builder_version=&#187;4.25.1&#8243; _module_preset=&#187;default&#187; global_colors_info=&#187;{}&#187;][et_pb_image src=&#187;https:\/\/concertinowallis.ch\/wp-content\/uploads\/2024\/05\/ernst-goehner-stiftung-logo.png&#187; _builder_version=&#187;4.25.1&#8243; _module_preset=&#187;default&#187; hover_enabled=&#187;0&#8243; sticky_enabled=&#187;0&#8243;][\/et_pb_image][\/et_pb_column][et_pb_column type=&#187;1_4&#8243; _builder_version=&#187;4.25.1&#8243; _module_preset=&#187;default&#187; global_colors_info=&#187;{}&#187;][et_pb_image src=&#187;https:\/\/concertinowallis.ch\/wp-content\/uploads\/2024\/05\/schweizer-interpretenstiftung-logo.png&#187; _builder_version=&#187;4.25.1&#8243; _module_preset=&#187;default&#187; hover_enabled=&#187;0&#8243; sticky_enabled=&#187;0&#8243;][\/et_pb_image][\/et_pb_column][et_pb_column type=&#187;1_4&#8243; _builder_version=&#187;4.25.1&#8243; _module_preset=&#187;default&#187; global_colors_info=&#187;{}&#187;][\/et_pb_column][\/et_pb_row][\/et_pb_section]<\/p>\n","protected":false},"excerpt":{"rendered":"<p>`IPHIGENIE` 2024Im Rahmen von Brig Barock feiert das kammerorchester concertino 2024 sein 30-j\u00e4hriges Bestehen mit vier Freilichtauff\u00fchrungen der Oper \u201aIphig\u00e9nie en Aulide\u2019 von Christoph W. Gluck. Mit der szenischen Auff\u00fchrung im Hof des Stockalperschlosses in Brig erklingt die ber\u00fcckende Musik Glucks in einer einzigartigen, origin\u00e4ren Kulisse: sp\u00e4tbarocke Musik in perfekter Synthese mit barocker Baukunst. Ein [&hellip;]<\/p>\n","protected":false},"author":2,"featured_media":0,"comment_status":"closed","ping_status":"closed","template":"","meta":{"_et_pb_use_builder":"on","_et_pb_old_content":"","_et_gb_content_width":"","footnotes":""},"project_category":[],"project_tag":[],"class_list":["post-578","project","type-project","status-publish","hentry"],"_links":{"self":[{"href":"https:\/\/concertinowallis.ch\/index.php?rest_route=\/wp\/v2\/project\/578","targetHints":{"allow":["GET"]}}],"collection":[{"href":"https:\/\/concertinowallis.ch\/index.php?rest_route=\/wp\/v2\/project"}],"about":[{"href":"https:\/\/concertinowallis.ch\/index.php?rest_route=\/wp\/v2\/types\/project"}],"author":[{"embeddable":true,"href":"https:\/\/concertinowallis.ch\/index.php?rest_route=\/wp\/v2\/users\/2"}],"replies":[{"embeddable":true,"href":"https:\/\/concertinowallis.ch\/index.php?rest_route=%2Fwp%2Fv2%2Fcomments&post=578"}],"version-history":[{"count":30,"href":"https:\/\/concertinowallis.ch\/index.php?rest_route=\/wp\/v2\/project\/578\/revisions"}],"predecessor-version":[{"id":682,"href":"https:\/\/concertinowallis.ch\/index.php?rest_route=\/wp\/v2\/project\/578\/revisions\/682"}],"wp:attachment":[{"href":"https:\/\/concertinowallis.ch\/index.php?rest_route=%2Fwp%2Fv2%2Fmedia&parent=578"}],"wp:term":[{"taxonomy":"project_category","embeddable":true,"href":"https:\/\/concertinowallis.ch\/index.php?rest_route=%2Fwp%2Fv2%2Fproject_category&post=578"},{"taxonomy":"project_tag","embeddable":true,"href":"https:\/\/concertinowallis.ch\/index.php?rest_route=%2Fwp%2Fv2%2Fproject_tag&post=578"}],"curies":[{"name":"wp","href":"https:\/\/api.w.org\/{rel}","templated":true}]}}